{"id":2422,"date":"2017-11-13T13:00:53","date_gmt":"2017-11-13T19:00:53","guid":{"rendered":"https:\/\/encuestadefoe-spin.com\/?page_id=2422"},"modified":"2018-10-17T13:00:31","modified_gmt":"2018-10-17T18:00:31","slug":"medios","status":"publish","type":"page","link":"https:\/\/encuestadefoe-spin.com\/en\/medios\/","title":{"rendered":"MEDIA"},"content":{"rendered":"<section class=\"wpb-content-wrapper\"><p>[vc_section el_class=&#8221;bt-about-section2&#8243; css=&#8221;.vc_custom_1510601003491{padding-bottom: 0px !important;}&#8221;][vc_row][vc_column css_animation=&#8221;bounceIn&#8221; css=&#8221;.vc_custom_1538693632408{margin-right: 23px !important;margin-left: 15px !important;}&#8221; offset=&#8221;vc_hidden-lg vc_hidden-md vc_hidden-sm&#8221;][vc_btn title=&#8221;PRESS RELEASE&#8221; style=&#8221;outline-custom&#8221; outline_custom_color=&#8221;#67aeaf&#8221; outline_custom_hover_background=&#8221;#67aeaf&#8221; outline_custom_hover_text=&#8221;#ffffff&#8221; size=&#8221;lg&#8221; i_icon_fontawesome=&#8221;fa fa-sign-out&#8221; add_icon=&#8221;true&#8221; link=&#8221;url:%23pressmovil|||&#8221;][vc_empty_space height=&#8221;15&#8243;][vc_btn title=&#8221;TV&#8221; style=&#8221;outline-custom&#8221; outline_custom_color=&#8221;#67aeaf&#8221; outline_custom_hover_background=&#8221;#67aeaf&#8221; outline_custom_hover_text=&#8221;#ffffff&#8221; size=&#8221;lg&#8221; i_icon_fontawesome=&#8221;fa fa-sign-out&#8221; add_icon=&#8221;true&#8221; link=&#8221;url:%23tvmovil|||&#8221;][vc_empty_space height=&#8221;15&#8243;][vc_btn title=&#8221;RADIO&#8221; style=&#8221;outline-custom&#8221; outline_custom_color=&#8221;#67aeaf&#8221; outline_custom_hover_background=&#8221;#67aeaf&#8221; outline_custom_hover_text=&#8221;#ffffff&#8221; size=&#8221;lg&#8221; i_icon_fontawesome=&#8221;fa fa-sign-out&#8221; add_icon=&#8221;true&#8221; link=&#8221;url:%23radioenmovil|||&#8221;][vc_empty_space height=&#8221;15&#8243;][vc_btn title=&#8221;SOCIAL MEDIA&#8221; style=&#8221;outline-custom&#8221; outline_custom_color=&#8221;#67aeaf&#8221; outline_custom_hover_background=&#8221;#67aeaf&#8221; outline_custom_hover_text=&#8221;#ffffff&#8221; size=&#8221;lg&#8221; i_icon_fontawesome=&#8221;fa fa-sign-out&#8221; add_icon=&#8221;true&#8221; link=&#8221;url:%23socialmediamovil|||&#8221;][vc_empty_space height=&#8221;15&#8243;][vc_btn title=&#8221;PRINT MEDIA&#8221; style=&#8221;outline-custom&#8221; outline_custom_color=&#8221;#67aeaf&#8221; outline_custom_hover_background=&#8221;#67aeaf&#8221; outline_custom_hover_text=&#8221;#ffffff&#8221; size=&#8221;lg&#8221; i_icon_fontawesome=&#8221;fa fa-sign-out&#8221; add_icon=&#8221;true&#8221; link=&#8221;url:%23printmovil|||&#8221;][vc_empty_space height=&#8221;15&#8243;][vc_btn title=&#8221;DIGITAL MEDIA&#8221; style=&#8221;outline-custom&#8221; outline_custom_color=&#8221;#67aeaf&#8221; outline_custom_hover_background=&#8221;#67aeaf&#8221; outline_custom_hover_text=&#8221;#ffffff&#8221; size=&#8221;lg&#8221; i_icon_fontawesome=&#8221;fa fa-sign-out&#8221; add_icon=&#8221;true&#8221; link=&#8221;url:%23digitalmovil|||&#8221;][vc_empty_space height=&#8221;40px&#8221;][vc_row_inner el_id=&#8221;pressmovil&#8221;][vc_column_inner][vc_custom_heading text=&#8221;PRESS RELEASE&#8221; font_container=&#8221;tag:h3|font_size:36px|text_align:left|color:%2367aeaf|line_height:42px&#8221; use_theme_fonts=&#8221;yes&#8221; css_animation=&#8221;fadeInUp&#8221;][vc_separator color=&#8221;custom&#8221; border_width=&#8221;3&#8243; accent_color=&#8221;#67aeaf&#8221;][vc_column_text]<strong>Friday September 28th, 2018<\/strong>[\/vc_column_text][vc_btn title=&#8221;PRESS RELEASE FIRST TRANSITION SURVEY 2018 SPIN&#8221; color=&#8221;turquoise&#8221; i_icon_fontawesome=&#8221;fa fa-download&#8221; add_icon=&#8221;true&#8221; link=&#8221;url:%23||target:%20_blank|&#8221;][vc_column_text]<strong>Thursday April 19th, 2018<\/strong>[\/vc_column_text][vc_btn title=&#8221;PRESS RELEASE FIRST TRANSITION SURVEY 2018 SPIN&#8221; color=&#8221;turquoise&#8221; i_icon_fontawesome=&#8221;fa fa-download&#8221; add_icon=&#8221;true&#8221; link=&#8221;url:%23||target:%20_blank|&#8221;][vc_column_text]<strong>Wednesday November 20th, 2017<\/strong>[\/vc_column_text][vc_btn title=&#8221;PRESS RELEASE SECOND PRE-ELECTION SURVEY DEFOE-SPIN DEC 20 2017&#8243; color=&#8221;turquoise&#8221; i_icon_fontawesome=&#8221;fa fa-download&#8221; add_icon=&#8221;true&#8221; link=&#8221;url:http%3A%2F%2Fencuestadefoe-spin.com%2Fwp-content%2Fuploads%2F2017%2F12%2FPRESS-RELEASE-SECOND-PRE-ELECTION-SURVEY-DEFOE-SPIN-DEC-20-2017.pdf||target:%20_blank|&#8221;][vc_column_text]<strong>Monday November 13th, 2017<\/strong>[\/vc_column_text][vc_btn title=&#8221;PRESS RELEASE FIRST PRE-ELECTION SURVEY DEFOE-SPIN&#8221; color=&#8221;turquoise&#8221; i_icon_fontawesome=&#8221;fa fa-download&#8221; add_icon=&#8221;true&#8221; link=&#8221;url:http%3A%2F%2Fencuestadefoe-spin.com%2Fwp-content%2Fuploads%2F2017%2F11%2FPRESS-RELEASE-FIRST-PRE-ELECTION-SURVEY-DEFOE-SPIN.pdf||target:%20_blank|&#8221;][vc_empty_space height=&#8221;40px&#8221;][\/vc_column_inner][\/vc_row_inner][vc_row_inner el_id=&#8221;tvmovil&#8221;][vc_column_inner][vc_custom_heading text=&#8221;TV&#8221; font_container=&#8221;tag:h3|font_size:36px|text_align:left|color:%2367aeaf|line_height:42px&#8221; use_theme_fonts=&#8221;yes&#8221; css_animation=&#8221;fadeInUp&#8221;][vc_separator color=&#8221;custom&#8221; border_width=&#8221;3&#8243; accent_color=&#8221;#67aeaf&#8221;][vc_column_text]<\/p>\n<p style=\"text-align: center;\">Luis Estrada, CEO of SPIN-TCP, in an interview with Ciro G\u00f3mez Leyva por la Ma\u00f1ana.<\/p>\n<p style=\"text-align: center;\"><strong>October 2nd, 2018<\/strong><\/p>\n<p>[\/vc_column_text][vc_video link=&#8221;https:\/\/youtu.be\/-emjpPmjxGE&#8221;][vc_empty_space height=&#8221;40px&#8221;][vc_column_text]<\/p>\n<p style=\"text-align: center;\">Luis Estrada, CEO of SPIN-TCP, in an interview with Ciro G\u00f3mez Leyva por la Ma\u00f1ana.<\/p>\n<p style=\"text-align: center;\"><strong>October 1st, 2018<\/strong><\/p>\n<p>[\/vc_column_text][vc_video link=&#8221;https:\/\/youtu.be\/ZrdogEWIRVk&#8221;][vc_empty_space height=&#8221;40px&#8221;][vc_column_text]<\/p>\n<p style=\"text-align: center;\">\u00a0Luis Estrada, CEO of SPIN-TCP in WarRoom TV<\/p>\n<p style=\"text-align: center;\"><strong>April 3rd, 2018<\/strong><\/p>\n<p>[\/vc_column_text][vc_video link=&#8221;https:\/\/youtu.be\/_qbKT3lf-vs&#8221;][vc_empty_space height=&#8221;40px&#8221;][vc_column_text]<\/p>\n<p style=\"text-align: center;\">Luis Estrada, CEO of SPIN-TCP, in an interview with Ciro G\u00f3mez Leyva por la Ma\u00f1ana.<\/p>\n<p style=\"text-align: center;\"><strong>March 30th, 2018<\/strong><\/p>\n<p>[\/vc_column_text][vc_video link=&#8221;https:\/\/youtu.be\/urJREr8hCrY&#8221;][vc_empty_space height=&#8221;40px&#8221;][vc_video link=&#8221;https:\/\/youtu.be\/cHsH05X9q9w&#8221;][vc_empty_space height=&#8221;40px&#8221;][vc_video link=&#8221;https:\/\/youtu.be\/tCTa3XJsQqI&#8221;][vc_empty_space height=&#8221;40px&#8221;][vc_column_text]<\/p>\n<p style=\"text-align: center;\">&#8220;\u00bfTienen credibilidad las encuestas electorales en M\u00e9xico?&#8221;<\/p>\n<p style=\"text-align: center;\"><strong>Februrary 18th, 2018.<\/strong><\/p>\n<p>[\/vc_column_text][vc_video link=&#8221;https:\/\/youtu.be\/WQYCMx-mlK8&#8243;][vc_empty_space height=&#8221;40px&#8221;][vc_column_text]<\/p>\n<p style=\"text-align: center;\">Luis Estrada, CEO of SPIN-TCP, in interview with Ciro G\u00f3mez Leyva por la Ma\u00f1ana.<\/p>\n<p style=\"text-align: center;\"><strong>Monday January 15th, 2018<\/strong><\/p>\n<p>[\/vc_column_text][vc_video align=&#8221;center&#8221; href=&#8221;https:\/\/gacomunicacion.com\/tv9\/201801\/15\/094354_990.mp4&#8243; target=&#8221;_blank&#8221; rel=&#8221;noopener&#8221;][\/vc_column_inner][\/vc_row_inner][vc_video link=&#8221;https:\/\/youtu.be\/2sucaawq6Lg&#8221; align=&#8221;center&#8221;][vc_empty_space height=&#8221;40px&#8221;][vc_row_inner el_id=&#8221;radioenmovil&#8221;][vc_column_inner][vc_empty_space height=&#8221;60px&#8221;][vc_custom_heading text=&#8221;RADIO&#8221; font_container=&#8221;tag:h3|font_size:36px|text_align:left|color:%2367aeaf|line_height:42px&#8221; use_theme_fonts=&#8221;yes&#8221; css_animation=&#8221;fadeInUp&#8221;][vc_separator color=&#8221;custom&#8221; border_width=&#8221;3&#8243; accent_color=&#8221;#67aeaf&#8221;][vc_empty_space height=&#8221;40px&#8221;][vc_custom_heading text=&#8221;FIRST PRE-ELECTION SURVEY DEFOE-SPIN&#8221; font_container=&#8221;tag:h3|text_align:left|color:%23ffffff&#8221; use_theme_fonts=&#8221;yes&#8221; css=&#8221;.vc_custom_1514069214391{background-color: #67aeaf !important;}&#8221;][vc_column_text]<\/p>\n<p style=\"text-align: center;\">Luis Estrada, CEO of SPIN-TCP in an interview with Paola Rojas on Radio F\u00f3rmula<\/p>\n<p style=\"text-align: center;\"><b>November 15th, 2017<\/b><\/p>\n<p>[\/vc_column_text][vc_column_text]<\/p>\n<audio class=\"wp-audio-shortcode\" id=\"audio-2422-7\" preload=\"none\" style=\"width: 100%;\" controls=\"controls\"><source type=\"audio\/mpeg\" src=\"https:\/\/encuestadefoe-spin.com\/wp-content\/uploads\/2017\/11\/PAOLA-ROJAS-20171115.mp3?_=7\" \/><a href=\"https:\/\/encuestadefoe-spin.com\/wp-content\/uploads\/2017\/11\/PAOLA-ROJAS-20171115.mp3\">https:\/\/encuestadefoe-spin.com\/wp-content\/uploads\/2017\/11\/PAOLA-ROJAS-20171115.mp3<\/a><\/audio>\n<p>[\/vc_column_text][vc_column_text]<\/p>\n<p style=\"text-align: center;\">Luis Estrada, CEO of SPIN-TCP in an interview with\u00a0Ciro G\u00f3mez Leyva on Radio F\u00f3rmula<\/p>\n<p style=\"text-align: center;\"><b>November 20th, 2017<\/b><\/p>\n<p>[\/vc_column_text][vc_column_text]<\/p>\n<audio class=\"wp-audio-shortcode\" id=\"audio-2422-8\" preload=\"none\" style=\"width: 100%;\" controls=\"controls\"><source type=\"audio\/mpeg\" src=\"https:\/\/encuestadefoe-spin.com\/wp-content\/uploads\/2017\/11\/CIRO-GOMEZ-LEYVA-20171120.mp3?_=8\" \/><a href=\"https:\/\/encuestadefoe-spin.com\/wp-content\/uploads\/2017\/11\/CIRO-GOMEZ-LEYVA-20171120.mp3\">https:\/\/encuestadefoe-spin.com\/wp-content\/uploads\/2017\/11\/CIRO-GOMEZ-LEYVA-20171120.mp3<\/a><\/audio>\n<p>[\/vc_column_text][vc_custom_heading text=&#8221;FIRST TRANSITION SURVEY 2018 SPIN&#8221; font_container=&#8221;tag:h3|text_align:left|color:%23ffffff&#8221; use_theme_fonts=&#8221;yes&#8221; css=&#8221;.vc_custom_1538694129937{background-color: #67aeaf !important;}&#8221;][vc_column_text]<\/p>\n<p style=\"text-align: center;\">Luis Estrada, CEO of SPIN-TCP, in an interview with Ciro G\u00f3mez Leyva por la Ma\u00f1ana.<\/p>\n<p style=\"text-align: center;\"><strong>September 28th, 2018<\/strong><\/p>\n<p>[\/vc_column_text][vc_column_text]<\/p>\n<audio class=\"wp-audio-shortcode\" id=\"audio-2422-9\" preload=\"none\" style=\"width: 100%;\" controls=\"controls\"><source type=\"audio\/mpeg\" src=\"https:\/\/encuestadefoe-spin.com\/wp-content\/uploads\/2018\/10\/075222_640.mp3?_=9\" \/><a href=\"https:\/\/encuestadefoe-spin.com\/wp-content\/uploads\/2018\/10\/075222_640.mp3\">https:\/\/encuestadefoe-spin.com\/wp-content\/uploads\/2018\/10\/075222_640.mp3<\/a><\/audio>\n<p>[\/vc_column_text][\/vc_column_inner][\/vc_row_inner][vc_row_inner el_id=&#8221;socialmediamovil&#8221;][vc_column_inner][vc_custom_heading text=&#8221;SOCIAL MEDIA&#8221; font_container=&#8221;tag:h3|font_size:36px|text_align:left|color:%2367aeaf|line_height:42px&#8221; use_theme_fonts=&#8221;yes&#8221; css_animation=&#8221;fadeInUp&#8221;][vc_separator color=&#8221;custom&#8221; border_width=&#8221;3&#8243; accent_color=&#8221;#67aeaf&#8221;][vc_custom_heading text=&#8221;FIRST PRE-ELECTION SURVEY DEFOE-SPIN&#8221; font_container=&#8221;tag:h3|text_align:left|color:%23ffffff&#8221; use_theme_fonts=&#8221;yes&#8221; css=&#8221;.vc_custom_1514069214391{background-color: #67aeaf !important;}&#8221;][vc_empty_space height=&#8221;20px&#8221;][vc_column_text]<\/p>\n<blockquote class=\"twitter-tweet\" data-lang=\"es\"><p>En <a href=\"https:\/\/twitter.com\/hashtag\/M%C3%A9xico?src=hash&amp;ref_src=twsrc%5Etfw\">#M\u00e9xico<\/a> tenemos una contienda muy clara hacia adelante: entre Morena y el <a href=\"https:\/\/twitter.com\/PRI_Nacional?ref_src=twsrc%5Etfw\">@PRI_Nacional<\/a> hay empate t\u00e9cnico en primer lugar y son, claramente, dos proyectos distintos de pa\u00eds los que ofrecemos ambos partidos. | Entrevista con <a href=\"https:\/\/twitter.com\/CiroGomezL?ref_src=twsrc%5Etfw\">@CiroGomezL<\/a> en <a href=\"https:\/\/twitter.com\/Radio_Formula?ref_src=twsrc%5Etfw\">@Radio_Formula<\/a> <a href=\"https:\/\/t.co\/K323BmG2Bz\">pic.twitter.com\/K323BmG2Bz<\/a><br \/>\n\u2014 Enrique Ochoa Reza (@EnriqueOchoaR) <a href=\"https:\/\/twitter.com\/EnriqueOchoaR\/status\/934098658542227456?ref_src=twsrc%5Etfw\">24 de noviembre de 2017<\/a><\/p><\/blockquote>\n<p><script async src=\"https:\/\/platform.twitter.com\/widgets.js\" charset=\"utf-8\"><\/script><br \/>\n[\/vc_column_text][vc_column_text]<\/p>\n<blockquote class=\"twitter-tweet\" data-lang=\"es\"><p>Nuestro partido est\u00e1 en primer lugar en las preferencias para la elecci\u00f3n en el 2018. Seguiremos trabajando en unidad para defender a <a href=\"https:\/\/twitter.com\/hashtag\/M%C3%A9xico?src=hash&amp;ref_src=twsrc%5Etfw\">#M\u00e9xico<\/a> del populismo autoritario que nos amenaza. <a href=\"https:\/\/t.co\/1zRg1OtgPJ\">pic.twitter.com\/1zRg1OtgPJ<\/a><br \/>\n\u2014 Enrique Ochoa Reza (@EnriqueOchoaR) <a href=\"https:\/\/twitter.com\/EnriqueOchoaR\/status\/931401366169378817?ref_src=twsrc%5Etfw\">17 de noviembre de 2017<\/a><\/p><\/blockquote>\n<p><script async src=\"https:\/\/platform.twitter.com\/widgets.js\" charset=\"utf-8\"><\/script><br \/>\n[\/vc_column_text][vc_column_text]<\/p>\n<blockquote class=\"twitter-tweet\" data-lang=\"es\"><p>El <a href=\"https:\/\/twitter.com\/PRI_Nacional?ref_src=twsrc%5Etfw\">@PRI_Nacional<\/a> est\u00e1 en 1er lugar, en empate t\u00e9cnico con Morena. \u00a1Vamos a ganar juntos el 2018!<a href=\"https:\/\/t.co\/jWpF0Y2YRg\">https:\/\/t.co\/jWpF0Y2YRg<\/a> <a href=\"https:\/\/t.co\/WuaVHruL00\">pic.twitter.com\/WuaVHruL00<\/a><br \/>\n\u2014 Enrique Ochoa Reza (@EnriqueOchoaR) <a href=\"https:\/\/twitter.com\/EnriqueOchoaR\/status\/931367950245908481?ref_src=twsrc%5Etfw\">17 de noviembre de 2017<\/a><\/p><\/blockquote>\n<p><script async src=\"https:\/\/platform.twitter.com\/widgets.js\" charset=\"utf-8\"><\/script><br \/>\n[\/vc_column_text][vc_column_text]<\/p>\n<blockquote class=\"twitter-tweet\" data-lang=\"es\"><p>Que conste que se los dije: <a href=\"https:\/\/twitter.com\/RicardoAnayaC?ref_src=twsrc%5Etfw\">@RicardoAnayaC<\/a> le dio en la madre al PAN. Ya lo mand\u00f3 al tercer lugar. Aqu\u00ed las \u00faltimas encuestas \ud83d\udc47\ud83c\udffc <a href=\"https:\/\/t.co\/gvdKVWAOsS\">pic.twitter.com\/gvdKVWAOsS<\/a><br \/>\n\u2014 Javier Lozano A (@JLozanoA) <a href=\"https:\/\/twitter.com\/JLozanoA\/status\/931218842000527363?ref_src=twsrc%5Etfw\">16 de noviembre de 2017<\/a><\/p><\/blockquote>\n<p><script async src=\"https:\/\/platform.twitter.com\/widgets.js\" charset=\"utf-8\"><\/script><br \/>\n[\/vc_column_text][vc_column_text]<\/p>\n<blockquote class=\"twitter-tweet\" data-lang=\"es\"><p>\u00bfDe qu\u00e9 tama\u00f1o es la crisis generada por <a href=\"https:\/\/twitter.com\/RicardoAnayaC?ref_src=twsrc%5Etfw\">@RicardoAnayaC<\/a>? Pues bien, hoy <a href=\"https:\/\/twitter.com\/AccionNacional?ref_src=twsrc%5Etfw\">@AccionNacional<\/a> ha dejado de ser una opci\u00f3n competitiva y nos fuimos al penoso tercer lugar. \u00bfQu\u00e9 m\u00e1s pruebas quieren de que Anaya debe renunciar? <a href=\"https:\/\/t.co\/pC193CGh6z\">pic.twitter.com\/pC193CGh6z<\/a><br \/>\n\u2014 Rebeldes del PAN (@RebeldesDelPan) <a href=\"https:\/\/twitter.com\/RebeldesDelPan\/status\/931288588439846912?ref_src=twsrc%5Etfw\">16 de noviembre de 2017<\/a><\/p><\/blockquote>\n<p><script async src=\"https:\/\/platform.twitter.com\/widgets.js\" charset=\"utf-8\"><\/script><br \/>\n[\/vc_column_text][vc_column_text]<\/p>\n<blockquote class=\"twitter-tweet\" data-lang=\"es\"><p>A las 4:00 pm por <a href=\"https:\/\/twitter.com\/FormulaBajio?ref_src=twsrc%5Etfw\">@FormulaBajio<\/a> nos acompa\u00f1ar\u00e1 <a href=\"https:\/\/twitter.com\/luisestrada_?ref_src=twsrc%5Etfw\">@luisestrada_<\/a> para dar detalles de la Primera Encuesta Preelectoral \u201c<a href=\"https:\/\/t.co\/0aN79qZX8q\">https:\/\/t.co\/0aN79qZX8q<\/a><br \/>\n\u2014 Jorge Jimenez (@JJIMENEZO) <a href=\"https:\/\/twitter.com\/JJIMENEZO\/status\/932662701834240000?ref_src=twsrc%5Etfw\">20 de noviembre de 2017<\/a><\/p><\/blockquote>\n<p><script async src=\"https:\/\/platform.twitter.com\/widgets.js\" charset=\"utf-8\"><\/script><br \/>\n[\/vc_column_text][vc_column_text]<\/p>\n<blockquote class=\"twitter-tweet\" data-lang=\"es\"><p>Los n\u00fameros de aprobaci\u00f3n de <a href=\"https:\/\/twitter.com\/EPN?ref_src=twsrc%5Etfw\">@EPN<\/a> no son tan buenos, pero \u00bfqu\u00e9 puede hacer para mejorarlos? <a href=\"https:\/\/twitter.com\/aleleyva9?ref_src=twsrc%5Etfw\">@aleleyva9<\/a> de SPIN escribe: <a href=\"https:\/\/t.co\/q4MHLmmQkh\">https:\/\/t.co\/q4MHLmmQkh<\/a><br \/>\n\u2014 AnimalPolitico.com (@Pajaropolitico) <a href=\"https:\/\/twitter.com\/Pajaropolitico\/status\/931631788518232070?ref_src=twsrc%5Etfw\">17 de noviembre de 2017<\/a><\/p><\/blockquote>\n<p><script async src=\"https:\/\/platform.twitter.com\/widgets.js\" charset=\"utf-8\"><\/script><br \/>\n[\/vc_column_text][vc_column_text]<\/p>\n<blockquote class=\"twitter-tweet\" data-lang=\"es\"><p>De acuerdo con la \u00faltima encuesta preelectoral DEFOE-SPIN, existe un empate t\u00e9cnico entre las posibles alianzas&#8230; <a href=\"https:\/\/t.co\/7la270C4Hh\">https:\/\/t.co\/7la270C4Hh<\/a><br \/>\n\u2014 Cumbre Noticias (@CumbreNoticia) <a href=\"https:\/\/twitter.com\/CumbreNoticia\/status\/931319843323826177?ref_src=twsrc%5Etfw\">17 de noviembre de 2017<\/a><\/p><\/blockquote>\n<p><script async src=\"https:\/\/platform.twitter.com\/widgets.js\" charset=\"utf-8\"><\/script><br \/>\n[\/vc_column_text][vc_custom_heading text=&#8221;SECOND PRE-ELECTION SURVEY DEFOE-SPIN&#8221; font_container=&#8221;tag:h3|text_align:left|color:%23ffffff&#8221; use_theme_fonts=&#8221;yes&#8221; css=&#8221;.vc_custom_1514069286549{background-color: #67aeaf !important;}&#8221;][vc_empty_space height=&#8221;20px&#8221;][vc_column_text]<\/p>\n<blockquote class=\"twitter-tweet\" data-lang=\"es\">\n<p dir=\"ltr\" lang=\"es\"><a href=\"https:\/\/twitter.com\/hashtag\/AlAire?src=hash&amp;ref_src=twsrc%5Etfw\">#AlAire<\/a> Estamos conversando en <a href=\"https:\/\/twitter.com\/hashtag\/PorLaMa%C3%B1ana?src=hash&amp;ref_src=twsrc%5Etfw\">#PorLaMa\u00f1ana<\/a> con <a href=\"https:\/\/twitter.com\/luisestrada_?ref_src=twsrc%5Etfw\">@luisestrada_<\/a> sobre las encuestas presidenciales.<\/p>\n<p>\u2014 Ciro G\u00f3mez Leyva (@CiroGomezL) <a href=\"https:\/\/twitter.com\/CiroGomezL\/status\/979364085967007744?ref_src=twsrc%5Etfw\">29 de marzo de 2018<\/a><\/p><\/blockquote>\n<p><script async src=\"https:\/\/platform.twitter.com\/widgets.js\" charset=\"utf-8\"><\/script><br \/>\n[\/vc_column_text][vc_column_text]<\/p>\n<blockquote class=\"twitter-tweet\" data-lang=\"es\"><p>A nombre de la magistrada y los magistrados del <a href=\"https:\/\/twitter.com\/TEPJF_TOL?ref_src=twsrc%5Etfw\">@TEPJF_TOL<\/a>, entregamos un reconocimiento al Dr. <a href=\"https:\/\/twitter.com\/luisestrada_?ref_src=twsrc%5Etfw\">@luisestrada_<\/a> por su destacada participaci\u00f3n, impartiendo la conferencia \u201cLa Influencia de las <a href=\"https:\/\/twitter.com\/hashtag\/Encuestas?src=hash&amp;ref_src=twsrc%5Etfw\">#Encuestas<\/a> Electorales en M\u00e9xico 2018\u201d \u00a1Enhorabuena! <a href=\"https:\/\/t.co\/6ujeRsikPV\">pic.twitter.com\/6ujeRsikPV<\/a><br \/>\n\u2014 Sala Toluca (@TEPJF_TOL) <a href=\"https:\/\/twitter.com\/TEPJF_TOL\/status\/974022214314967040?ref_src=twsrc%5Etfw\">14 de marzo de 2018<\/a><\/p><\/blockquote>\n<p><script async src=\"https:\/\/platform.twitter.com\/widgets.js\" charset=\"utf-8\"><\/script><br \/>\n[\/vc_column_text][vc_column_text]<\/p>\n<blockquote class=\"twitter-tweet\" data-lang=\"es\">\n<p dir=\"ltr\" lang=\"es\">Encuestas y mercadotecnia electoral. Mesa redonda en <a href=\"https:\/\/twitter.com\/UNAM_FCPyS?ref_src=twsrc%5Etfw\">@UNAM_FCPyS<\/a> con <a href=\"https:\/\/twitter.com\/RubenAguilar?ref_src=twsrc%5Etfw\">@RubenAguilar<\/a> <a href=\"https:\/\/twitter.com\/luisestrada_?ref_src=twsrc%5Etfw\">@luisestrada_<\/a> y <a href=\"https:\/\/twitter.com\/RobertoMorris?ref_src=twsrc%5Etfw\">@RobertoMorris<\/a> <a href=\"https:\/\/t.co\/CM6bfJBDj8\">pic.twitter.com\/CM6bfJBDj8<\/a><\/p>\n<p>\u2014 Ra\u00fal Trejo Delarbre (@ciberfan) <a href=\"https:\/\/twitter.com\/ciberfan\/status\/976150384048791552?ref_src=twsrc%5Etfw\">20 de marzo de 2018<\/a><\/p><\/blockquote>\n<p><script async src=\"https:\/\/platform.twitter.com\/widgets.js\" charset=\"utf-8\"><\/script><br \/>\n[\/vc_column_text][vc_column_text]<\/p>\n<blockquote class=\"twitter-tweet\" data-lang=\"es\"><p>No te lo puedes perder: Encuentros 2018 Encuentros 2018 <a href=\"https:\/\/twitter.com\/hashtag\/FCPYS?src=hash&amp;ref_src=twsrc%5Etfw\">#FCPYS<\/a> <a href=\"https:\/\/twitter.com\/hashtag\/UNAM?src=hash&amp;ref_src=twsrc%5Etfw\">#UNAM<\/a> <a href=\"https:\/\/t.co\/x20g3ebAvr\">pic.twitter.com\/x20g3ebAvr<\/a><br \/>\n\u2014 FCPyS-UNAM (@UNAM_FCPyS) <a href=\"https:\/\/twitter.com\/UNAM_FCPyS\/status\/970731951404605443?ref_src=twsrc%5Etfw\">5 de marzo de 2018<\/a><\/p><\/blockquote>\n<p><script async src=\"https:\/\/platform.twitter.com\/widgets.js\" charset=\"utf-8\"><\/script><br \/>\n[\/vc_column_text][vc_column_text]<\/p>\n<blockquote class=\"twitter-tweet\" data-lang=\"es\">\n<p dir=\"ltr\" lang=\"und\"><a href=\"https:\/\/t.co\/puXLd9ACal\">pic.twitter.com\/puXLd9ACal<\/a><\/p>\n<p>\u2014 Encuentros 2018 (@Encuentros2018_) <a href=\"https:\/\/twitter.com\/Encuentros2018_\/status\/976159493670297607?ref_src=twsrc%5Etfw\">20 de marzo de 2018<\/a><\/p><\/blockquote>\n<p><script async src=\"https:\/\/platform.twitter.com\/widgets.js\" charset=\"utf-8\"><\/script><br \/>\n[\/vc_column_text][vc_column_text]<\/p>\n<blockquote class=\"twitter-tweet\" data-lang=\"es\"><p><a href=\"https:\/\/twitter.com\/luisestrada_?ref_src=twsrc%5Etfw\">@luisestrada_<\/a> gives the audience an overview of the current <a href=\"https:\/\/twitter.com\/hashtag\/presidential?src=hash&amp;ref_src=twsrc%5Etfw\">#presidential<\/a> forecast and the challenges tracking the polls <a href=\"https:\/\/t.co\/o0DvYef3FR\">pic.twitter.com\/o0DvYef3FR<\/a><br \/>\n\u2014 GPS UC San Diego (@GPS_UCSD) <a href=\"https:\/\/twitter.com\/GPS_UCSD\/status\/973300978362413056?ref_src=twsrc%5Etfw\">12 de marzo de 2018<\/a><\/p><\/blockquote>\n<p><script async src=\"https:\/\/platform.twitter.com\/widgets.js\" charset=\"utf-8\"><\/script><br \/>\n[\/vc_column_text][vc_column_text]<\/p>\n<blockquote class=\"twitter-tweet\" data-lang=\"es\">\n<p dir=\"ltr\" lang=\"en\">On the panel about Tracking Mexico\u2019s Polls <a href=\"https:\/\/twitter.com\/luisestrada_?ref_src=twsrc%5Etfw\">@luisestrada_<\/a> discusses the challenges for Mexican polls <a href=\"https:\/\/t.co\/iq3HMKDcZ9\">pic.twitter.com\/iq3HMKDcZ9<\/a><\/p>\n<p>\u2014 USMEX (@USMEXUCSD) <a href=\"https:\/\/twitter.com\/USMEXUCSD\/status\/973300482700529664?ref_src=twsrc%5Etfw\">12 de marzo de 2018<\/a><\/p><\/blockquote>\n<p><script async src=\"https:\/\/platform.twitter.com\/widgets.js\" charset=\"utf-8\"><\/script><br \/>\n[\/vc_column_text][vc_column_text]<\/p>\n<blockquote class=\"twitter-tweet\" data-lang=\"es\"><p><a href=\"https:\/\/twitter.com\/hashtag\/AlMomento?src=hash&amp;ref_src=twsrc%5Etfw\">#AlMomento<\/a> el Dr. <a href=\"https:\/\/twitter.com\/luisestrada_?ref_src=twsrc%5Etfw\">@luisestrada_<\/a> habla sobre los tipos de <a href=\"https:\/\/twitter.com\/hashtag\/Encuestas?src=hash&amp;ref_src=twsrc%5Etfw\">#Encuestas<\/a> Electorales, regulaci\u00f3n y escenarios 2018. <a href=\"https:\/\/twitter.com\/TEPJF_TOL?ref_src=twsrc%5Etfw\">@TEPJF_TOL<\/a> <a href=\"https:\/\/t.co\/Jpa65sPnzo\">pic.twitter.com\/Jpa65sPnzo<\/a><br \/>\n\u2014 Sala Toluca (@TEPJF_TOL) <a href=\"https:\/\/twitter.com\/TEPJF_TOL\/status\/973998263488593921?ref_src=twsrc%5Etfw\">14 de marzo de 2018<\/a><\/p><\/blockquote>\n<p><script async src=\"https:\/\/platform.twitter.com\/widgets.js\" charset=\"utf-8\"><\/script><br \/>\n[\/vc_column_text][vc_column_text]<\/p>\n<blockquote class=\"twitter-tweet\" data-lang=\"es\">\n<p dir=\"ltr\" lang=\"es\">\u00a1Con el objetivo de conocer el comportamiento <a href=\"https:\/\/twitter.com\/hashtag\/Electoral?src=hash&amp;ref_src=twsrc%5Etfw\">#Electoral<\/a> y sus efectos en la <a href=\"https:\/\/twitter.com\/hashtag\/Opini%C3%B3nP%C3%BAblica?src=hash&amp;ref_src=twsrc%5Etfw\">#Opini\u00f3nP\u00fablica<\/a>, este 14 de marzo presentamos la conferencia &#8220;La Influencia de las <a href=\"https:\/\/twitter.com\/hashtag\/Encuestas?src=hash&amp;ref_src=twsrc%5Etfw\">#Encuestas<\/a> Electorales en M\u00e9xico 2018&#8243; a cargo del Dr. <a href=\"https:\/\/twitter.com\/luisestrada_?ref_src=twsrc%5Etfw\">@luisestrada_<\/a> Director Gral. de SPIN. 12:00 hrs en el <a href=\"https:\/\/twitter.com\/TEPJF_TOL?ref_src=twsrc%5Etfw\">@TEPJF_TOL<\/a>! <a href=\"https:\/\/t.co\/ZeosOgkHTp\">pic.twitter.com\/ZeosOgkHTp<\/a><\/p>\n<p>\u2014 Sala Toluca (@TEPJF_TOL) <a href=\"https:\/\/twitter.com\/TEPJF_TOL\/status\/970730303424577536?ref_src=twsrc%5Etfw\">5 de marzo de 2018<\/a><\/p><\/blockquote>\n<p><script async src=\"https:\/\/platform.twitter.com\/widgets.js\" charset=\"utf-8\"><\/script><br \/>\n[\/vc_column_text][vc_column_text]<\/p>\n<blockquote class=\"twitter-tweet\" data-lang=\"es\"><p>El Dr. <a href=\"https:\/\/twitter.com\/luisestrada_?ref_src=twsrc%5Etfw\">@luisestrada_<\/a> ha sido Director de evaluaci\u00f3n de riesgo en <a href=\"https:\/\/twitter.com\/PresidenciaMX?ref_src=twsrc%5Etfw\">@PresidenciaMX<\/a> y asesor en <a href=\"https:\/\/twitter.com\/SEGOB_mx?ref_src=twsrc%5Etfw\">@SEGOB_mx<\/a>. Estar\u00e1 con nosotros en el <a href=\"https:\/\/twitter.com\/TEPJF_TOL?ref_src=twsrc%5Etfw\">@TEPJF_TOL<\/a> el pr\u00f3ximo mi\u00e9rcoles 14 de marzo para impartir la <a href=\"https:\/\/twitter.com\/hashtag\/Conferencia?src=hash&amp;ref_src=twsrc%5Etfw\">#Conferencia<\/a> &#8220;La Influencia de las <a href=\"https:\/\/twitter.com\/hashtag\/Encuestas?src=hash&amp;ref_src=twsrc%5Etfw\">#Encuestas<\/a> Electorales en M\u00e9xico 2018&#8243; <a href=\"https:\/\/t.co\/DUhPfdnSyC\">pic.twitter.com\/DUhPfdnSyC<\/a><br \/>\n\u2014 Sala Toluca (@TEPJF_TOL) <a href=\"https:\/\/twitter.com\/TEPJF_TOL\/status\/971065573810384896?ref_src=twsrc%5Etfw\">6 de marzo de 2018<\/a><\/p><\/blockquote>\n<p><script async src=\"https:\/\/platform.twitter.com\/widgets.js\" charset=\"utf-8\"><\/script><br \/>\n[\/vc_column_text][vc_column_text]<\/p>\n<blockquote class=\"twitter-tweet\" data-lang=\"es\">\n<p dir=\"ltr\" lang=\"es\">Qui\u00e9nes votar\u00edan por <a href=\"https:\/\/twitter.com\/hashtag\/Morena?src=hash&amp;ref_src=twsrc%5Etfw\">#Morena<\/a> <a href=\"https:\/\/twitter.com\/lopezobrador_?ref_src=twsrc%5Etfw\">@lopezobrador_<\/a> como 2a opci\u00f3n?<a href=\"https:\/\/twitter.com\/aleleyva9?ref_src=twsrc%5Etfw\">@aleleyva9<\/a> explica y demuestra con datos de la <a href=\"https:\/\/t.co\/5TzS4y4FAP\">https:\/\/t.co\/5TzS4y4FAP<\/a> en el blog de SPIN para <a href=\"https:\/\/twitter.com\/Pajaropolitico?ref_src=twsrc%5Etfw\">@Pajaropolitico<\/a><a href=\"https:\/\/t.co\/gXbz1rp8AY\">https:\/\/t.co\/gXbz1rp8AY<\/a><\/p>\n<p>\u2014 Luis Estrada (@luisestrada_) <a href=\"https:\/\/twitter.com\/luisestrada_\/status\/961995342588805120?ref_src=twsrc%5Etfw\">9 de febrero de 2018<\/a><\/p><\/blockquote>\n<p><script async src=\"https:\/\/platform.twitter.com\/widgets.js\" charset=\"utf-8\"><\/script><br \/>\n[\/vc_column_text][vc_column_text]<\/p>\n<blockquote class=\"twitter-tweet\" data-lang=\"es\"><p>Escrib\u00ed sobre las segundas opciones y la divisi\u00f3n del electorado en <a href=\"https:\/\/twitter.com\/Pajaropolitico?ref_src=twsrc%5Etfw\">@Pajaropolitico<\/a> \ud83d\ude42 leer-&gt; <a href=\"https:\/\/t.co\/rNi8s5I8CF\">https:\/\/t.co\/rNi8s5I8CF<\/a><br \/>\n\u2014 Alejandra Leyva (@aleleyva9) <a href=\"https:\/\/twitter.com\/aleleyva9\/status\/961989510493102082?ref_src=twsrc%5Etfw\">9 de febrero de 2018<\/a><\/p><\/blockquote>\n<p><script async src=\"https:\/\/platform.twitter.com\/widgets.js\" charset=\"utf-8\"><\/script><br \/>\n[\/vc_column_text][vc_column_text]<\/p>\n<blockquote class=\"twitter-tweet\" data-lang=\"es\">\n<p dir=\"ltr\" lang=\"es\"><a href=\"https:\/\/twitter.com\/hashtag\/Plumaje?src=hash&amp;ref_src=twsrc%5Etfw\">#Plumaje<\/a> | <a href=\"https:\/\/twitter.com\/aleleyva9?ref_src=twsrc%5Etfw\">@aleleyva9<\/a> de Spin, Taller de Comunicaci\u00f3n Pol\u00edtica, presenta un estudio de preferencias sobre las <a href=\"https:\/\/twitter.com\/hashtag\/Elecciones2018?src=hash&amp;ref_src=twsrc%5Etfw\">#Elecciones2018<\/a> <a href=\"https:\/\/t.co\/qBqtLbv1Po\">https:\/\/t.co\/qBqtLbv1Po<\/a><\/p>\n<p>\u2014 AnimalPolitico.com (@Pajaropolitico) <a href=\"https:\/\/twitter.com\/Pajaropolitico\/status\/962015950139670528?ref_src=twsrc%5Etfw\">9 de febrero de 2018<\/a><\/p><\/blockquote>\n<p><script async src=\"https:\/\/platform.twitter.com\/widgets.js\" charset=\"utf-8\"><\/script><br \/>\n[\/vc_column_text][vc_column_text]<\/p>\n<blockquote class=\"twitter-tweet\" data-lang=\"es\"><p>La 2a Encuesta Preelectoral DEFOE-SPIN <a href=\"https:\/\/t.co\/Jxk3XBy0Jo\">https:\/\/t.co\/Jxk3XBy0Jo<\/a> publicada en diciembre 2017, es la \u00fanica que captura el efecto de la nominaci\u00f3n de los precandidatos a la presidencia via <a href=\"https:\/\/twitter.com\/oraculus_mx?ref_src=twsrc%5Etfw\">@oraculus_mx<\/a> <a href=\"https:\/\/t.co\/tBRZmQ36Pu\">pic.twitter.com\/tBRZmQ36Pu<\/a><br \/>\n\u2014 Luis Estrada (@luisestrada_) <a href=\"https:\/\/twitter.com\/luisestrada_\/status\/951074063824375808?ref_src=twsrc%5Etfw\">10 de enero de 2018<\/a><\/p><\/blockquote>\n<p><script async src=\"https:\/\/platform.twitter.com\/widgets.js\" charset=\"utf-8\"><\/script><br \/>\n[\/vc_column_text][vc_column_text]<\/p>\n<blockquote class=\"twitter-tweet\" data-lang=\"es\"><p><a href=\"https:\/\/twitter.com\/hashtag\/Jos%C3%A9C%C3%A1rdenasInforma?src=hash&amp;ref_src=twsrc%5Etfw\">#Jos\u00e9C\u00e1rdenasInforma<\/a> AMLO, 10 PUNTOS ARRIBA DE SUS RIVALES, SEG\u00daN ENCUESTA REALIZADA POR DEFOE-SPIN <a href=\"https:\/\/twitter.com\/hashtag\/TodasLasNoticias?src=hash&amp;ref_src=twsrc%5Etfw\">#TodasLasNoticias<\/a> <a href=\"https:\/\/twitter.com\/hashtag\/TodasLasVoces?src=hash&amp;ref_src=twsrc%5Etfw\">#TodasLasVoces<\/a> 103.3 FM<br \/>\n\u2014 JOS\u00c9 C\u00c1RDENAS (@JoseCardenas1) <a href=\"https:\/\/twitter.com\/JoseCardenas1\/status\/943643457570131969?ref_src=twsrc%5Etfw\">21 de diciembre de 2017<\/a><\/p><\/blockquote>\n<p><script async src=\"https:\/\/platform.twitter.com\/widgets.js\" charset=\"utf-8\"><\/script><br \/>\n[\/vc_column_text][vc_column_text]<\/p>\n<blockquote class=\"twitter-tweet\" data-lang=\"es\"><p>La encuesta preelectoral de Defoe Spin se publicar\u00e1 en <a href=\"https:\/\/t.co\/LZ0wwKspUS\">https:\/\/t.co\/LZ0wwKspUS<\/a> <a href=\"https:\/\/t.co\/jVHePOMnU7\">pic.twitter.com\/jVHePOMnU7<\/a><br \/>\n\u2014 Ciro G\u00f3mez Leyva (@CiroGomezL) <a href=\"https:\/\/twitter.com\/CiroGomezL\/status\/943498733395771392?ref_src=twsrc%5Etfw\">20 de diciembre de 2017<\/a><\/p><\/blockquote>\n<p><script async src=\"https:\/\/platform.twitter.com\/widgets.js\" charset=\"utf-8\"><\/script><br \/>\n[\/vc_column_text][vc_column_text]<\/p>\n<blockquote class=\"twitter-tweet\" data-lang=\"es\"><p>En el estudio de <a href=\"https:\/\/twitter.com\/hashtag\/PorLaMa%C3%B1ana?src=hash&amp;ref_src=twsrc%5Etfw\">#PorLaMa\u00f1ana<\/a> <a href=\"https:\/\/twitter.com\/luisestrada_?ref_src=twsrc%5Etfw\">@luisestrada_<\/a> y <a href=\"https:\/\/twitter.com\/yamilnares?ref_src=twsrc%5Etfw\">@yamilnares<\/a>, director de Defoe, sobre la encuesta preelectoral de Defoe &#8211; Spin.<br \/>\n\u2014 Ciro G\u00f3mez Leyva (@CiroGomezL) <a href=\"https:\/\/twitter.com\/CiroGomezL\/status\/943492522868989952?ref_src=twsrc%5Etfw\">20 de diciembre de 2017<\/a><\/p><\/blockquote>\n<p><script async src=\"https:\/\/platform.twitter.com\/widgets.js\" charset=\"utf-8\"><\/script><br \/>\n[\/vc_column_text][vc_column_text]<\/p>\n<blockquote class=\"twitter-tweet\" data-lang=\"es\"><p>En el estudio <a href=\"https:\/\/twitter.com\/luisestrada_?ref_src=twsrc%5Etfw\">@luisestrada_<\/a> y <a href=\"https:\/\/twitter.com\/yamilnares?ref_src=twsrc%5Etfw\">@yamilnares<\/a>, director de Defoe, sobre la encuesta preelectoral de Defoe &#8211; Spin; con <a href=\"https:\/\/twitter.com\/CiroGomezL?ref_src=twsrc%5Etfw\">@CiroGomezL<\/a> <a href=\"https:\/\/twitter.com\/hashtag\/PorLaMa%C3%B1ana?src=hash&amp;ref_src=twsrc%5Etfw\">#PorLaMa\u00f1ana<\/a> <a href=\"https:\/\/t.co\/0FmpqWWuc4\">https:\/\/t.co\/0FmpqWWuc4<\/a><br \/>\n\u2014 Grupo F\u00f3rmula (@Radio_Formula) <a href=\"https:\/\/twitter.com\/Radio_Formula\/status\/943493149728624640?ref_src=twsrc%5Etfw\">20 de diciembre de 2017<\/a><\/p><\/blockquote>\n<p><script async src=\"https:\/\/platform.twitter.com\/widgets.js\" charset=\"utf-8\"><\/script><br \/>\n[\/vc_column_text][vc_custom_heading text=&#8221;FIRST TRANSITION SURVEY 2018 SPIN&#8221; font_container=&#8221;tag:h3|text_align:left|color:%23ffffff&#8221; use_theme_fonts=&#8221;yes&#8221; css=&#8221;.vc_custom_1539013125645{background-color: #67aeaf !important;}&#8221;][vc_empty_space height=&#8221;20px&#8221;][vc_column_text]<\/p>\n<blockquote class=\"twitter-tweet\" data-lang=\"en\">\n<p dir=\"ltr\" lang=\"es\">Resumen de todas las preguntas utilizadas en <a href=\"https:\/\/twitter.com\/hashtag\/Encuestas?src=hash&amp;ref_src=twsrc%5Etfw\">#Encuestas<\/a> para medir la decisi\u00f3n del <a href=\"https:\/\/twitter.com\/hashtag\/Aeropuerto?src=hash&amp;ref_src=twsrc%5Etfw\">#Aeropuerto<\/a> <a href=\"https:\/\/twitter.com\/hashtag\/NAIM?src=hash&amp;ref_src=twsrc%5Etfw\">#NAIM<\/a><a href=\"https:\/\/t.co\/404eylkvAx\">https:\/\/t.co\/404eylkvAx<\/a> <a href=\"https:\/\/t.co\/Ox658uqtJZ\">pic.twitter.com\/Ox658uqtJZ<\/a><\/p>\n<p>\u2014 Luis Estrada (@luisestrada_) <a href=\"https:\/\/twitter.com\/luisestrada_\/status\/1048189991233437696?ref_src=twsrc%5Etfw\">October 5, 2018<\/a><\/p><\/blockquote>\n<p><script async src=\"https:\/\/platform.twitter.com\/widgets.js\" charset=\"utf-8\"><\/script><br \/>\n[\/vc_column_text][vc_column_text]<\/p>\n<blockquote class=\"twitter-tweet\" data-lang=\"en\"><p>En unos momentos estar\u00e9 con <a href=\"https:\/\/twitter.com\/CiroGomezL?ref_src=twsrc%5Etfw\">@CiroGomezL<\/a> para presentar los resultados de la Primera <a href=\"https:\/\/twitter.com\/hashtag\/Encuesta?src=hash&amp;ref_src=twsrc%5Etfw\">#Encuesta<\/a> SPIN de <a href=\"https:\/\/twitter.com\/hashtag\/Transicion2018?src=hash&amp;ref_src=twsrc%5Etfw\">#Transicion2018<\/a><\/p>\n<p>LIBRE ACCESO:<br \/>\nCuestionario completo y base de datos en <a href=\"https:\/\/t.co\/Jxk3XBgpkO\">https:\/\/t.co\/Jxk3XBgpkO<\/a> <a href=\"https:\/\/t.co\/FthIki8Upu\">pic.twitter.com\/FthIki8Upu<\/a><br \/>\n\u2014 Luis Estrada (@luisestrada_) <a href=\"https:\/\/twitter.com\/luisestrada_\/status\/1046746019688398849?ref_src=twsrc%5Etfw\">October 1, 2018<\/a><\/p><\/blockquote>\n<p><script async src=\"https:\/\/platform.twitter.com\/widgets.js\" charset=\"utf-8\"><\/script><br \/>\n[\/vc_column_text][vc_column_text]<\/p>\n<blockquote class=\"twitter-tweet\" data-lang=\"en\">\n<p dir=\"ltr\" lang=\"es\">En el estudio de <a href=\"https:\/\/twitter.com\/hashtag\/PorLaMa%C3%B1ana?src=hash&amp;ref_src=twsrc%5Etfw\">#PorLaMa\u00f1ana<\/a> <a href=\"https:\/\/twitter.com\/luisestrada_?ref_src=twsrc%5Etfw\">@luisestrada_<\/a>, para revisar los datos de la encuesta Defoe &#8211; Spin sobre el nuevo aeropuerto <a href=\"https:\/\/t.co\/G7SE9ytIVa\">https:\/\/t.co\/G7SE9ytIVa<\/a><\/p>\n<p>\u2014 Ciro G\u00f3mez Leyva (@CiroGomezL) <a href=\"https:\/\/twitter.com\/CiroGomezL\/status\/1046758458467520512?ref_src=twsrc%5Etfw\">October 1, 2018<\/a><\/p><\/blockquote>\n<p><script async src=\"https:\/\/platform.twitter.com\/widgets.js\" charset=\"utf-8\"><\/script><br \/>\n[\/vc_column_text][vc_column_text]<\/p>\n<blockquote class=\"twitter-tweet\" data-lang=\"en\"><p><a href=\"https:\/\/twitter.com\/luisestrada_?ref_src=twsrc%5Etfw\">@luisestrada_<\/a> nos habl\u00f3 sobre la Primera Encuesta de Transici\u00f3n de SPIN Taller de Comunicaci\u00f3n Pol\u00edtica <a href=\"https:\/\/twitter.com\/hashtag\/AbriendoLaConversacion?src=hash&amp;ref_src=twsrc%5Etfw\">#AbriendoLaConversacion<\/a> por <a href=\"https:\/\/twitter.com\/Radio_Formula?ref_src=twsrc%5Etfw\">@Radio_Formula<\/a>.<a href=\"https:\/\/t.co\/78eXj2mLWx\">https:\/\/t.co\/78eXj2mLWx<\/a><br \/>\n\u2014 Jaime N\u00fa\u00f1ez Pi\u00f1a (@janupi) <a href=\"https:\/\/twitter.com\/janupi\/status\/1046157300321447937?ref_src=twsrc%5Etfw\">September 29, 2018<\/a><\/p><\/blockquote>\n<p><script async src=\"https:\/\/platform.twitter.com\/widgets.js\" charset=\"utf-8\"><\/script>[\/vc_column_text][vc_column_text]<\/p>\n<blockquote class=\"twitter-tweet\" data-lang=\"en\">\n<p dir=\"ltr\" lang=\"es\">EN VIVO: Qu\u00e9 opinan las 7 principales encuestadoras de M\u00e9xico sobre la pregunta que se le har\u00e1 a los ciudadanos en la <a href=\"https:\/\/twitter.com\/hashtag\/ConsultaNAICM?src=hash&amp;ref_src=twsrc%5Etfw\">#ConsultaNAICM<\/a> \u00bfEs parcial o imparcial?<a href=\"https:\/\/t.co\/o0wm7wQpAP\">https:\/\/t.co\/o0wm7wQpAP<\/a><\/p>\n<p>\u2014 Ciro G\u00f3mez Leyva (@CiroGomezL) <a href=\"https:\/\/twitter.com\/CiroGomezL\/status\/1052039115590553601?ref_src=twsrc%5Etfw\">October 16, 2018<\/a><\/p><\/blockquote>\n<p><script async src=\"https:\/\/platform.twitter.com\/widgets.js\" charset=\"utf-8\"><\/script>[\/vc_column_text][vc_column_text]<\/p>\n<blockquote class=\"twitter-tweet\" data-lang=\"en\">\n<p dir=\"ltr\" lang=\"es\">Esta noche en <a href=\"https:\/\/twitter.com\/ImagenTVMex?ref_src=twsrc%5Etfw\">@ImagenTVMex<\/a> con <a href=\"https:\/\/twitter.com\/CiroGomezL?ref_src=twsrc%5Etfw\">@CiroGomezL<\/a> sobre la <a href=\"https:\/\/twitter.com\/hashtag\/ConsultaNAICM?src=hash&amp;ref_src=twsrc%5Etfw\">#ConsultaNAICM<\/a> <a href=\"https:\/\/t.co\/l5MXQwx9Ac\">pic.twitter.com\/l5MXQwx9Ac<\/a><\/p>\n<p>\u2014 Luis Estrada (@luisestrada_) <a href=\"https:\/\/twitter.com\/luisestrada_\/status\/1052042004815863809?ref_src=twsrc%5Etfw\">October 16, 2018<\/a><\/p><\/blockquote>\n<p><script async src=\"https:\/\/platform.twitter.com\/widgets.js\" charset=\"utf-8\"><\/script>[\/vc_column_text][\/vc_column_inner][\/vc_row_inner][vc_empty_space height=&#8221;40px&#8221;][vc_row_inner el_id=&#8221;printmovil&#8221;][vc_column_inner][vc_custom_heading text=&#8221;PRINT MEDIA&#8221; font_container=&#8221;tag:h3|font_size:36px|text_align:left|color:%2367aeaf|line_height:42px&#8221; use_theme_fonts=&#8221;yes&#8221; css_animation=&#8221;fadeInUp&#8221;][vc_separator color=&#8221;custom&#8221; border_width=&#8221;3&#8243; accent_color=&#8221;#67aeaf&#8221;][vc_custom_heading text=&#8221;FIRST PRE-ELECTION SURVEY DEFOE-SPIN&#8221; font_container=&#8221;tag:h3|text_align:left|color:%23ffffff&#8221; use_theme_fonts=&#8221;yes&#8221; css=&#8221;.vc_custom_1514069268945{background-color: #67aeaf !important;}&#8221;][\/vc_column_inner][\/vc_row_inner][vc_row_inner][vc_column_inner][vc_hoverbox image=&#8221;2665&#8243; primary_title=&#8221;&#8221; hover_title=&#8221;&#8221; hover_btn_title=&#8221;Leer&#8221; hover_btn_color=&#8221;turquoise&#8221; hover_add_button=&#8221;true&#8221; hover_btn_link=&#8221;url:http%3A%2F%2Fencuestadefoe-spin.com%2Fwp-content%2Fuploads%2F2017%2F11%2FCOALICIONES-PERFILAN-EMPATE-TE%CC%81CNICO-HOY-RUMBO-AL-2018-EL-UNIVERSAL-16NOV2017.pdf||target:%20_blank|&#8221;]<\/p>\n<p>Coaliciones perfilan empate t\u00e9cnico hoy rumbo al 2018<\/p>\n<p><strong>El Universal, 16 de noviembre de 2017<\/strong><br \/>\n[\/vc_hoverbox][\/vc_column_inner][\/vc_row_inner][vc_empty_space height=&#8221;40px&#8221;][vc_row_inner el_id=&#8221;digitalmovil&#8221;][vc_column_inner][vc_custom_heading text=&#8221;DIGITAL MEDIA&#8221; font_container=&#8221;tag:h3|font_size:36px|text_align:left|color:%2367aeaf|line_height:42px&#8221; use_theme_fonts=&#8221;yes&#8221; css_animation=&#8221;fadeInUp&#8221;][vc_separator color=&#8221;custom&#8221; border_width=&#8221;3&#8243; accent_color=&#8221;#67aeaf&#8221;][\/vc_column_inner][\/vc_row_inner][vc_row_inner][vc_column_inner][vc_custom_heading text=&#8221;FIRST PRE-ELECTION SURVEY DEFOE-SPIN&#8221; font_container=&#8221;tag:h3|text_align:left|color:%23ffffff&#8221; use_theme_fonts=&#8221;yes&#8221; css=&#8221;.vc_custom_1514069246473{background-color: #67aeaf !important;}&#8221;][vc_hoverbox image=&#8221;2505&#8243; primary_title=&#8221;&#8221; hover_title=&#8221;&#8221; hover_btn_title=&#8221;Leer&#8221; hover_btn_color=&#8221;turquoise&#8221; hover_add_button=&#8221;true&#8221; hover_btn_link=&#8221;url:http%3A%2F%2Fwww.animalpolitico.com%2Fblogueros-lecciones-de-las-elecciones%2F2017%2F11%2F06%2Flos-medios-no-afectan-las-preferencias-electorales%2F||target:%20_blank|&#8221;]<\/p>\n<p>Los medios no afectan las preferencias electorales.<\/p>\n<p><strong>Alejandra Leyva<\/strong><br \/>\n[\/vc_hoverbox][vc_empty_space height=&#8221;20px&#8221;][vc_hoverbox image=&#8221;2505&#8243; primary_title=&#8221;&#8221; hover_title=&#8221;&#8221; hover_btn_title=&#8221;Leer&#8221; hover_btn_color=&#8221;turquoise&#8221; hover_add_button=&#8221;true&#8221; hover_btn_link=&#8221;url:http%3A%2F%2Fwww.animalpolitico.com%2Fblogueros-lecciones-de-las-elecciones%2F2017%2F10%2F31%2Fsirven-las-encuestas-los-tiempos-campana%2F||target:%20_blank|&#8221;]<\/p>\n<p>\u00bfDe qu\u00e9 sirven las encuestas antes de las campa\u00f1as?<\/p>\n<p><strong>Dr. Luis Estrada Straffon<\/strong><br \/>\n[\/vc_hoverbox][vc_empty_space height=&#8221;20px&#8221;][vc_hoverbox image=&#8221;2612&#8243; primary_title=&#8221;&#8221; hover_title=&#8221;&#8221; hover_btn_title=&#8221;Leer&#8221; hover_btn_color=&#8221;turquoise&#8221; hover_add_button=&#8221;true&#8221; hover_btn_link=&#8221;url:https%3A%2F%2Fwww.letraslibres.com%2Fmexico%2Fpolitica%2Fsi-el-frente-ciudadano-va-morena-pt-sale-ganando||target:%20_blank|&#8221;]<\/p>\n<p>Si el Frente Ciudadano va, Morena-PT sale ganando<\/p>\n<p><strong>Yamil Nares<\/strong><br \/>\n[\/vc_hoverbox][vc_empty_space height=&#8221;20px&#8221;][vc_hoverbox image=&#8221;2665&#8243; primary_title=&#8221;&#8221; hover_title=&#8221;&#8221; hover_btn_title=&#8221;Leer&#8221; hover_btn_color=&#8221;turquoise&#8221; hover_add_button=&#8221;true&#8221; hover_btn_link=&#8221;url:http%3A%2F%2Fwww.eluniversal.com.mx%2Felecciones-2018%2Fcoaliciones-perfilan-empate-tecnico-hoy-rumbo-al-2018||target:%20_blank|&#8221;]<\/p>\n<p>Coaliciones perfilan empate t\u00e9cnico hoy rumbo al 2018<\/p>\n<p><strong>El Universal<\/strong><br \/>\n[\/vc_hoverbox][vc_empty_space height=&#8221;20px&#8221;][vc_hoverbox image=&#8221;2667&#8243; primary_title=&#8221;&#8221; hover_title=&#8221;&#8221; hover_btn_title=&#8221;Leer&#8221; hover_btn_color=&#8221;turquoise&#8221; hover_add_button=&#8221;true&#8221; hover_btn_link=&#8221;url:http%3A%2F%2Fwww.notimex.gob.mx%2FntxnotaLibre%2F448260||target:%20_blank|&#8221;]<\/p>\n<p>PRI aventaja a Morena en encuesta abierta rumbo al proceso electoral 2018<\/p>\n<p><strong> Notimex<\/strong><br \/>\n[\/vc_hoverbox][vc_empty_space height=&#8221;20px&#8221;][vc_hoverbox image=&#8221;2505&#8243; primary_title=&#8221;&#8221; hover_title=&#8221;&#8221; hover_btn_title=&#8221;Leer&#8221; hover_btn_color=&#8221;turquoise&#8221; hover_add_button=&#8221;true&#8221; hover_btn_link=&#8221;url:http%3A%2F%2Fwww.animalpolitico.com%2Fblogueros-lecciones-de-las-elecciones%2F2017%2F11%2F17%2Fimporta-mas-la-aprobacion-presidencial-pena-nieto%2F||target:%20_blank|&#8221;]<\/p>\n<p>\u00bfQu\u00e9 importa m\u00e1s en la aprobaci\u00f3n de Pe\u00f1a Nieto?<\/p>\n<p><strong> Alejandra Leyva<\/strong><br \/>\n[\/vc_hoverbox][vc_empty_space height=&#8221;20px&#8221;][vc_hoverbox image=&#8221;2673&#8243; primary_title=&#8221;&#8221; hover_title=&#8221;&#8221; hover_btn_title=&#8221;Leer&#8221; hover_btn_color=&#8221;turquoise&#8221; hover_add_button=&#8221;true&#8221; hover_btn_link=&#8221;url:https%3A%2F%2Fpolitico.mx%2Fcentral-electoral%2Felecciones-2018%2Fmorena-pt-y-pri-pvem-panal-empatan-para-2018-seg%25C3%25BAn-encuesta%2F||target:%20_blank|&#8221;]<\/p>\n<p>Morena-PT y PRI-PVEM-Panal empatan para 2018, seg\u00fan encuesta<\/p>\n<p><strong> Pol\u00edtico<\/strong><br \/>\n[\/vc_hoverbox][vc_empty_space height=&#8221;20px&#8221;][vc_hoverbox image=&#8221;2674&#8243; primary_title=&#8221;&#8221; hover_title=&#8221;&#8221; hover_btn_title=&#8221;Leer&#8221; hover_btn_color=&#8221;turquoise&#8221; hover_add_button=&#8221;true&#8221; hover_btn_link=&#8221;url:https%3A%2F%2Fheraldodemexico.com.mx%2Fpais%2Fprimera-encuesta-rumbo-a-2018-pri-a-la-cabeza-seguido-por-morena%2F||target:%20_blank|&#8221;]<\/p>\n<p>Primera encuesta rumbo a 2018; PRI a la cabeza seguido por Morena<\/p>\n<p><strong> El Heraldo de M\u00e9xico<\/strong><br \/>\n[\/vc_hoverbox][vc_empty_space height=&#8221;20px&#8221;][vc_hoverbox image=&#8221;2676&#8243; primary_title=&#8221;&#8221; hover_title=&#8221;&#8221; hover_btn_title=&#8221;Leer&#8221; hover_btn_color=&#8221;turquoise&#8221; hover_add_button=&#8221;true&#8221; hover_btn_link=&#8221;url:http%3A%2F%2Fwww.huffingtonpost.com.mx%2F2017%2F11%2F17%2Fel-pri-pisa-los-talones-a-lopez-obrador-y-mancera-supera-a-anaya-segun-encuestas_a_23280881%2F||target:%20_blank|&#8221;]<\/p>\n<p>El PRI pisa los talones a L\u00f3pez Obrador y Mancera supera a Anaya, seg\u00fan encuestas<\/p>\n<p><strong> The Huffington Post<\/strong><br \/>\n[\/vc_hoverbox][vc_empty_space height=&#8221;20px&#8221;][vc_hoverbox image=&#8221;2677&#8243; primary_title=&#8221;&#8221; hover_title=&#8221;&#8221; hover_btn_title=&#8221;Leer&#8221; hover_btn_color=&#8221;turquoise&#8221; hover_add_button=&#8221;true&#8221; hover_btn_link=&#8221;url:https%3A%2F%2Fwww.sdpnoticias.com%2Fnacional%2F2017%2F11%2F16%2Fencuesta-pone-al-pri-sobre-morena-pero-a-amlo-como-lider-en-todos-los-careos||target:%20_blank|&#8221;]<\/p>\n<p>Encuesta pone al PRI sobre Morena, pero a AMLO como l\u00edder en todos los careos<\/p>\n<p><strong> SDP Noticias<\/strong><br \/>\n[\/vc_hoverbox][vc_empty_space height=&#8221;20px&#8221;][vc_hoverbox image=&#8221;2678&#8243; primary_title=&#8221;&#8221; hover_title=&#8221;&#8221; hover_btn_title=&#8221;Leer&#8221; hover_btn_color=&#8221;turquoise&#8221; hover_add_button=&#8221;true&#8221; hover_btn_link=&#8221;url:https%3A%2F%2Fregeneracion.mx%2Fencuesta-preelectoral-ubica-a-amlo-como-el-favorito-entre-la-poblacion%2F||target:%20_blank|&#8221;]<\/p>\n<p>Encuesta preelectoral ubica a AMLO como el favorito entre la poblaci\u00f3n<\/p>\n<p><strong> Regeneraci\u00f3n<\/strong><br \/>\n[\/vc_hoverbox][vc_empty_space height=&#8221;20px&#8221;][vc_custom_heading text=&#8221;SECOND PRE-ELECTION SURVEY DEFOE-SPIN&#8221; font_container=&#8221;tag:h3|text_align:left|color:%23ffffff&#8221; use_theme_fonts=&#8221;yes&#8221; css=&#8221;.vc_custom_1514069228257{background-color: #67aeaf !important;}&#8221;][vc_hoverbox image=&#8221;2612&#8243; primary_title=&#8221;&#8221; hover_title=&#8221;&#8221; hover_btn_title=&#8221;Leer&#8221; hover_btn_color=&#8221;turquoise&#8221; hover_add_button=&#8221;true&#8221; hover_btn_link=&#8221;url:https%3A%2F%2Fwww.letraslibres.com%2Fmexico%2Fpolitica%2Fhay-leyes-que-regulan-las-encuestas-el-ine-tiene-la-capacidad-hacerlas-cumplir||target:%20_blank|&#8221;]<\/p>\n<div style=\"text-align: center;\">\n<div>Hay leyes que regulan las encuestas:<\/div>\n<div>\u00bfel INE tiene la capacidad para hacerlas cumplir?<\/div>\n<div><strong>Yamil Nares<\/strong><\/div>\n<div>February 20th, 2018<\/div>\n<\/div>\n<p>[\/vc_hoverbox][vc_empty_space height=&#8221;20px&#8221;][vc_hoverbox image=&#8221;2505&#8243; primary_title=&#8221;&#8221; hover_title=&#8221;&#8221; hover_btn_title=&#8221;Leer&#8221; hover_btn_color=&#8221;turquoise&#8221; hover_add_button=&#8221;true&#8221; hover_btn_link=&#8221;url:http%3A%2F%2Fwww.animalpolitico.com%2Fblogueros-lecciones-de-las-elecciones%2F2018%2F02%2F09%2Fmorena-primera-opcion-segunda%2F||target:%20_blank|&#8221;]<\/p>\n<div style=\"text-align: center;\">\n<div>\n<div>Morena es primera opci\u00f3n, \u00bfy segunda?<\/div>\n<div><strong>Alejandra Leyva<\/strong><\/div>\n<\/div>\n<div>February 9th, 2018<\/div>\n<\/div>\n<p>[\/vc_hoverbox][vc_empty_space height=&#8221;20px&#8221;][vc_hoverbox image=&#8221;2612&#8243; primary_title=&#8221;&#8221; hover_title=&#8221;&#8221; hover_btn_title=&#8221;Leer&#8221; hover_btn_color=&#8221;turquoise&#8221; hover_add_button=&#8221;true&#8221; hover_btn_link=&#8221;url:https%3A%2F%2Fwww.letraslibres.com%2Fmexico%2Fpolitica%2Fque-aprendimos-las-encuestas-en-precampana||target:%20_blank|&#8221;]<\/p>\n<div style=\"text-align: center;\">\n<div>\u00bfQu\u00e9 aprendimos de las encuestas en precampa\u00f1a?<\/div>\n<div><strong>Yamil Nares<\/strong><\/div>\n<div>February 15th, 2018<\/div>\n<\/div>\n<p>[\/vc_hoverbox][vc_empty_space height=&#8221;20px&#8221;][vc_hoverbox image=&#8221;2973&#8243; primary_title=&#8221;&#8221; hover_title=&#8221;&#8221; hover_btn_title=&#8221;Leer&#8221; hover_btn_color=&#8221;turquoise&#8221; hover_add_button=&#8221;true&#8221; hover_btn_link=&#8221;url:http%3A%2F%2Fwww.excelsior.com.mx%2Fopinion%2Fleo-zuckermann%2F2018%2F01%2F30%2F1216882||target:%20_blank|&#8221;]<\/p>\n<div style=\"text-align: center;\">Anaya gan\u00e1ndole a Meade el polo antiAMLO<\/div>\n<div style=\"text-align: center;\"><strong>Leo Zuckerman<\/strong><\/div>\n<div style=\"text-align: center;\">January 30th, 2018<\/div>\n<p>[\/vc_hoverbox][vc_empty_space height=&#8221;20px&#8221;][vc_hoverbox image=&#8221;2973&#8243; primary_title=&#8221;&#8221; hover_title=&#8221;&#8221; hover_btn_title=&#8221;Leer&#8221; hover_btn_color=&#8221;turquoise&#8221; hover_add_button=&#8221;true&#8221; hover_btn_link=&#8221;url:http%3A%2F%2Fwww.excelsior.com.mx%2Fopinion%2Fleo-zuckermann%2F2018%2F02%2F12%2F1219709||target:%20_blank|&#8221;]<\/p>\n<p style=\"text-align: center;\">As\u00ed van los candidatos al terminar las precampa\u00f1as<\/p>\n<p style=\"text-align: center;\"><strong> Leo Zuckerman<\/strong><\/p>\n<div style=\"text-align: center;\">February 12th, 2018<\/div>\n<p>[\/vc_hoverbox][vc_empty_space height=&#8221;20px&#8221;][vc_hoverbox image=&#8221;2882&#8243; primary_title=&#8221;&#8221; hover_title=&#8221;&#8221; hover_btn_title=&#8221;Leer&#8221; hover_btn_color=&#8221;turquoise&#8221; hover_add_button=&#8221;true&#8221; hover_btn_link=&#8221;url:https%3A%2F%2Fwww.elsoldemexico.com.mx%2Fanalisis%2Fasi-lo-dice-la-mont-ruta-1-julio-2018-solo-tres-coaliciones-542833.html||target:%20_blank|&#8221;]<\/p>\n<p>Ruta 1 julio 2018 Solo tres coaliciones<\/p>\n<p><b>Federico Lamont<\/b><br \/>\n[\/vc_hoverbox][vc_empty_space height=&#8221;20px&#8221;][vc_hoverbox image=&#8221;2947&#8243; primary_title=&#8221;&#8221; hover_title=&#8221;&#8221; hover_btn_title=&#8221;Leer&#8221; hover_btn_color=&#8221;turquoise&#8221; hover_add_button=&#8221;true&#8221; hover_btn_link=&#8221;url:https%3A%2F%2Fregeneracion.mx%2Fcasi-inevitable-lopez-obrador-presidente-de-mexico%2F||target:%20_blank|&#8221;]<\/p>\n<p>Casi inevitable: L\u00f3pez Obrador, presidente de M\u00e9xico<\/p>\n<p><strong>Gibr\u00e1n Ram\u00edrez Reyes<\/strong><br \/>\n[\/vc_hoverbox][vc_empty_space height=&#8221;20px&#8221;][vc_hoverbox image=&#8221;2881&#8243; primary_title=&#8221;&#8221; hover_title=&#8221;&#8221; hover_btn_title=&#8221;Leer&#8221; hover_btn_color=&#8221;turquoise&#8221; hover_add_button=&#8221;true&#8221; hover_btn_link=&#8221;url:http%3A%2F%2Fwww.elfinanciero.com.mx%2Fopinion%2Fla-aprobacion-presidencial-y-su-impacto-en-las-elecciones.html||target:%20_blank|&#8221;]<\/p>\n<p>La aprobaci\u00f3n presidencial y su impacto en las elecciones<\/p>\n<p><strong>Enrique Quintana<\/strong><br \/>\n[\/vc_hoverbox][vc_empty_space height=&#8221;20px&#8221;][vc_hoverbox image=&#8221;2665&#8243; primary_title=&#8221;&#8221; hover_title=&#8221;&#8221; hover_btn_title=&#8221;Leer&#8221; hover_btn_color=&#8221;turquoise&#8221; hover_add_button=&#8221;true&#8221; hover_btn_link=&#8221;url:http%3A%2F%2Fwww.eluniversal.com.mx%2Fcolumna%2Fcarlos-loret-de-mola%2Fnacion%2Fel-oraculo-dice-que-la-eleccion-la-ganara||target:%20_blank|&#8221;]<\/p>\n<p>El or\u00e1culo dice que la elecci\u00f3n la ganar\u00e1&#8230;<\/p>\n<p><strong>Carlos Loret de Mola<\/strong><br \/>\n[\/vc_hoverbox][vc_empty_space height=&#8221;20px&#8221;][vc_hoverbox image=&#8221;2612&#8243; primary_title=&#8221;&#8221; hover_title=&#8221;&#8221; hover_btn_title=&#8221;Leer&#8221; hover_btn_color=&#8221;turquoise&#8221; hover_add_button=&#8221;true&#8221; hover_btn_link=&#8221;url:http%3A%2F%2Fwww.letraslibres.com%2Fmexico%2Fpolitica%2Fentre-jose-antonio-quien-y-pepe-meade||target:%20_blank|&#8221;]<\/p>\n<p>Entre \u00bfJos\u00e9 Antonio qui\u00e9n? y Pepe Meade<\/p>\n<p><strong>Yamil Nares<\/strong><br \/>\n[\/vc_hoverbox][vc_empty_space height=&#8221;20px&#8221;][vc_hoverbox image=&#8221;2763&#8243; primary_title=&#8221;&#8221; hover_title=&#8221;&#8221; hover_btn_title=&#8221;Leer&#8221; hover_btn_color=&#8221;turquoise&#8221; hover_add_button=&#8221;true&#8221; hover_btn_link=&#8221;url:http%3A%2F%2Fwww.radioformula.com.mx%2Fnotas.asp%3FIdn%3D725315%26idFC%3D2017||target:%20_blank|&#8221;]<\/p>\n<p>AMLO arriba de Meade y Anaya por m\u00e1s de 10 puntos en encuesta<\/p>\n<p><strong> Radio F\u00f3rmula<\/strong><br \/>\n[\/vc_hoverbox][vc_empty_space height=&#8221;20px&#8221;][vc_custom_heading text=&#8221;FIRST TRANSITION SURVEY 2018 SPIN&#8221; font_container=&#8221;tag:h3|text_align:left|color:%23ffffff&#8221; use_theme_fonts=&#8221;yes&#8221; css=&#8221;.vc_custom_1538693762368{background-color: #67aeaf !important;}&#8221;][vc_hoverbox image=&#8221;3148&#8243; primary_title=&#8221;&#8221; hover_title=&#8221;&#8221; hover_btn_title=&#8221;Leer&#8221; hover_btn_color=&#8221;turquoise&#8221; hover_add_button=&#8221;true&#8221; hover_btn_link=&#8221;url:https%3A%2F%2Fadnpolitico.com%2Fmexico%2F2018%2F09%2F28%2Fsi-el-naim-se-consulta-tambien-el-tren-maya-piden-a-amlo-encuesta%3FhootPostID%3D67536a2f10815df2a14c769c33b0300d||target:%20_blank|&#8221;]<\/p>\n<p style=\"text-align: center;\">Si el NAIM se consulta, tambi\u00e9n el Tren Maya de AMLO: encuesta.<\/p>\n<p style=\"text-align: center;\"><strong>ADN Pol\u00edtico<\/strong><\/p>\n<p>[\/vc_hoverbox][vc_empty_space height=&#8221;20px&#8221;][vc_hoverbox image=&#8221;2975&#8243; primary_title=&#8221;&#8221; hover_title=&#8221;&#8221; hover_btn_title=&#8221;Leer&#8221; hover_btn_color=&#8221;turquoise&#8221; hover_add_button=&#8221;true&#8221; hover_btn_link=&#8221;url:https%3A%2F%2Fwww.excelsior.com.mx%2Fopinion%2Fjorge-fernandez-menendez%2Fpuebla-votaron-por-amlo-y-por-martha-erika%2F1268598||target:%20_blank|&#8221;]<\/p>\n<p style=\"text-align: center;\">Puebla: votaron por AMLO y por Martha Erika.<\/p>\n<p style=\"text-align: center;\"><strong>Jorge Fern\u00e1ndez Men\u00e9ndez<\/strong><\/p>\n<p>[\/vc_hoverbox][vc_empty_space height=&#8221;20px&#8221;][\/vc_column_inner][\/vc_row_inner][\/vc_column][\/vc_row][vc_row css=&#8221;.vc_custom_1510625124823{margin-right: 15px !important;margin-left: 15px !important;}&#8221;][vc_column css_animation=&#8221;bounceIn&#8221; width=&#8221;1\/4&#8243; css=&#8221;.vc_custom_1510625115506{margin-left: 10px !important;}&#8221; offset=&#8221;vc_hidden-xs&#8221;][vc_btn title=&#8221;PRESS RELEASE&#8221; style=&#8221;outline-custom&#8221; outline_custom_color=&#8221;#67aeaf&#8221; outline_custom_hover_background=&#8221;#67aeaf&#8221; outline_custom_hover_text=&#8221;#ffffff&#8221; size=&#8221;lg&#8221; i_icon_fontawesome=&#8221;fa fa-sign-out&#8221; add_icon=&#8221;true&#8221; link=&#8221;url:%23press|||&#8221;][vc_empty_space height=&#8221;15&#8243;][vc_btn title=&#8221;TV&#8221; style=&#8221;outline-custom&#8221; outline_custom_color=&#8221;#67aeaf&#8221; outline_custom_hover_background=&#8221;#67aeaf&#8221; outline_custom_hover_text=&#8221;#ffffff&#8221; size=&#8221;lg&#8221; i_icon_fontawesome=&#8221;fa fa-sign-out&#8221; add_icon=&#8221;true&#8221; link=&#8221;url:%23tv|||&#8221;][vc_empty_space height=&#8221;15&#8243;][vc_btn title=&#8221;RADIO&#8221; style=&#8221;outline-custom&#8221; outline_custom_color=&#8221;#67aeaf&#8221; outline_custom_hover_background=&#8221;#67aeaf&#8221; outline_custom_hover_text=&#8221;#ffffff&#8221; size=&#8221;lg&#8221; i_icon_fontawesome=&#8221;fa fa-sign-out&#8221; add_icon=&#8221;true&#8221; link=&#8221;url:%23radioen|||&#8221;][vc_empty_space height=&#8221;15&#8243;][vc_btn title=&#8221;SOCIAL MEDIA&#8221; style=&#8221;outline-custom&#8221; outline_custom_color=&#8221;#67aeaf&#8221; outline_custom_hover_background=&#8221;#67aeaf&#8221; outline_custom_hover_text=&#8221;#ffffff&#8221; size=&#8221;lg&#8221; i_icon_fontawesome=&#8221;fa fa-sign-out&#8221; add_icon=&#8221;true&#8221; link=&#8221;url:%23socialmedia|||&#8221;][vc_empty_space height=&#8221;15&#8243;][vc_btn title=&#8221;PRINT MEDIA&#8221; style=&#8221;outline-custom&#8221; outline_custom_color=&#8221;#67aeaf&#8221; outline_custom_hover_background=&#8221;#67aeaf&#8221; outline_custom_hover_text=&#8221;#ffffff&#8221; size=&#8221;lg&#8221; i_icon_fontawesome=&#8221;fa fa-sign-out&#8221; add_icon=&#8221;true&#8221; link=&#8221;url:%23print|||&#8221;][vc_empty_space height=&#8221;15&#8243;][vc_btn title=&#8221;DIGITAL MEDIA&#8221; style=&#8221;outline-custom&#8221; outline_custom_color=&#8221;#67aeaf&#8221; outline_custom_hover_background=&#8221;#67aeaf&#8221; outline_custom_hover_text=&#8221;#ffffff&#8221; size=&#8221;lg&#8221; i_icon_fontawesome=&#8221;fa fa-sign-out&#8221; add_icon=&#8221;true&#8221; link=&#8221;url:%23digital|||&#8221;][vc_empty_space height=&#8221;15&#8243;][\/vc_column][vc_column width=&#8221;3\/4&#8243; offset=&#8221;vc_hidden-xs&#8221;][vc_row_inner el_id=&#8221;press&#8221;][vc_column_inner][vc_custom_heading text=&#8221;PRESS RELEASE&#8221; font_container=&#8221;tag:h3|font_size:36px|text_align:left|color:%2367aeaf|line_height:42px&#8221; use_theme_fonts=&#8221;yes&#8221; css_animation=&#8221;fadeInUp&#8221;][vc_separator color=&#8221;custom&#8221; border_width=&#8221;3&#8243; accent_color=&#8221;#67aeaf&#8221;][vc_column_text]<b>Friday September 28th, 2018<\/b>[\/vc_column_text][vc_btn title=&#8221;PRESS RELEASE FIRST TRANSITION SURVEY 2018 SPIN&#8221; color=&#8221;turquoise&#8221; i_icon_fontawesome=&#8221;fa fa-download&#8221; add_icon=&#8221;true&#8221; link=&#8221;url:%23||target:%20_blank|&#8221;][vc_column_text]<b>Thursday April 19th, 2018<\/b>[\/vc_column_text][vc_btn title=&#8221;PRESS RELEASE FIRST DEFOE-SPIN EXPERIMENT APR 2018&#8243; color=&#8221;turquoise&#8221; i_icon_fontawesome=&#8221;fa fa-download&#8221; add_icon=&#8221;true&#8221; link=&#8221;url:http%3A%2F%2Fencuestadefoe-spin.com%2Fwp-content%2Fuploads%2F2018%2F04%2FPRESS-RELEASE-FIRST-DEFOE-SPIN-EXPERIMENT-APR-2018.pdf||target:%20_blank|&#8221;][vc_column_text]<b>Monday November 13th 2017<\/b>[\/vc_column_text][vc_btn title=&#8221;PRESS RELEASE FIRST PRE-ELECTION SURVEY DEFOE-SPIN&#8221; color=&#8221;turquoise&#8221; i_icon_fontawesome=&#8221;fa fa-download&#8221; add_icon=&#8221;true&#8221; link=&#8221;url:http%3A%2F%2Fencuestadefoe-spin.com%2Fwp-content%2Fuploads%2F2017%2F11%2FPRESS-RELEASE-FIRST-PRE-ELECTION-SURVEY-DEFOE-SPIN.pdf||target:%20_blank|&#8221;][vc_column_text]<b>Wednesday December 20th, 2017<\/b>[\/vc_column_text][vc_btn title=&#8221;PRESS RELEASE SECOND PRE-ELECTION SURVEY DEFOE-SPIN DEC 20 2017&#8243; color=&#8221;turquoise&#8221; i_icon_fontawesome=&#8221;fa fa-download&#8221; add_icon=&#8221;true&#8221; link=&#8221;url:http%3A%2F%2Fencuestadefoe-spin.com%2Fwp-content%2Fuploads%2F2017%2F12%2FPRESS-RELEASE-SECOND-PRE-ELECTION-SURVEY-DEFOE-SPIN-DEC-20-2017.pdf||target:%20_blank|&#8221;][vc_empty_space height=&#8221;40px&#8221;][\/vc_column_inner][\/vc_row_inner][vc_row_inner el_id=&#8221;tv&#8221;][vc_column_inner][vc_custom_heading text=&#8221;TV&#8221; font_container=&#8221;tag:h3|font_size:36px|text_align:left|color:%2367aeaf|line_height:42px&#8221; use_theme_fonts=&#8221;yes&#8221; css_animation=&#8221;fadeInUp&#8221;][vc_separator color=&#8221;custom&#8221; border_width=&#8221;3&#8243; accent_color=&#8221;#67aeaf&#8221;][vc_column_text]<\/p>\n<div style=\"text-align: center;\">Luis Estrada, CEO of SPIN-TCP, in an interview with Ciro G\u00f3mez Leyva por la Ma\u00f1ana.<\/div>\n<div style=\"text-align: center;\"><strong>October 2nd, 2018<\/strong><\/div>\n<p>[\/vc_column_text][vc_video link=&#8221;https:\/\/youtu.be\/-emjpPmjxGE&#8221;][vc_empty_space height=&#8221;40px&#8221;][vc_column_text]<\/p>\n<div style=\"text-align: center;\">Luis Estrada, CEO of SPIN-TCP, in an interview with Ciro G\u00f3mez Leyva por la Ma\u00f1ana.<\/div>\n<div style=\"text-align: center;\"><strong>October 1st, 2018<\/strong><\/div>\n<p>[\/vc_column_text][vc_video link=&#8221;https:\/\/youtu.be\/ZrdogEWIRVk&#8221;][vc_empty_space height=&#8221;40px&#8221;][vc_column_text]<\/p>\n<div style=\"text-align: center;\">\u00a0Luis Estrada, CEO of SPIN-TCP in WarRoom TV<\/div>\n<div style=\"text-align: center;\"><strong>April 3rd, 2018<\/strong><\/div>\n<p>[\/vc_column_text][vc_video link=&#8221;https:\/\/youtu.be\/_qbKT3lf-vs&#8221;][vc_empty_space height=&#8221;40px&#8221;][vc_column_text]<\/p>\n<div style=\"text-align: center;\">Luis Estrada, CEO of SPIN-TCP, in an interview with Ciro G\u00f3mez Leyva por la Ma\u00f1ana.<\/div>\n<div style=\"text-align: center;\"><strong>March 30th, 2018<\/strong><\/div>\n<p>[\/vc_column_text][vc_video link=&#8221;https:\/\/youtu.be\/urJREr8hCrY&#8221;][vc_empty_space height=&#8221;20px&#8221;][vc_video link=&#8221;https:\/\/youtu.be\/cHsH05X9q9w&#8221;][vc_empty_space height=&#8221;20px&#8221;][vc_video link=&#8221;https:\/\/youtu.be\/tCTa3XJsQqI&#8221;][vc_empty_space height=&#8221;40px&#8221;][vc_column_text]<\/p>\n<div style=\"text-align: center;\">&#8220;\u00bfTienen credibilidad las encuestas electorales en M\u00e9xico?&#8221;<\/div>\n<div style=\"text-align: center;\"><strong>Feburary 18th, 2018<\/strong><\/div>\n<p>[\/vc_column_text][vc_video link=&#8221;https:\/\/youtu.be\/WQYCMx-mlK8&#8243;][vc_empty_space height=&#8221;40px&#8221;][vc_column_text]<\/p>\n<div style=\"text-align: center;\">Luis Estrada, CEO of SPIN-TCP, in an interview with Ciro G\u00f3mez Leyva por la Ma\u00f1ana.<\/div>\n<div style=\"text-align: center;\"><strong>February 8th, 2018.<\/strong><\/div>\n<p>[\/vc_column_text][vc_video link=&#8221;https:\/\/www.youtube.com\/watch?v=lDgeWfB82b4&amp;t=3s&#8221;][vc_empty_space height=&#8221;40px&#8221;][vc_column_text]<\/p>\n<p style=\"text-align: center;\">Luis Estrada, CEO of SPIN-TCP y Yamil Nares, CEO of DEFOE, in interview of Ciro G\u00f3mez Leyva por la Ma\u00f1ana<\/p>\n<p style=\"text-align: center;\"><strong>December 20th, 2017<\/strong><\/p>\n<p>[\/vc_column_text][vc_video link=&#8221;https:\/\/youtu.be\/2sucaawq6Lg&#8221; align=&#8221;center&#8221;][vc_empty_space height=&#8221;40px&#8221;][\/vc_column_inner][\/vc_row_inner][vc_row_inner el_id=&#8221;radioen&#8221;][vc_column_inner][vc_custom_heading text=&#8221;RADIO&#8221; font_container=&#8221;tag:h3|font_size:36px|text_align:left|color:%2367aeaf|line_height:42px&#8221; use_theme_fonts=&#8221;yes&#8221; css_animation=&#8221;fadeInUp&#8221;][vc_separator color=&#8221;custom&#8221; border_width=&#8221;3&#8243; accent_color=&#8221;#67aeaf&#8221;][vc_custom_heading text=&#8221;FIRST PRE-ELECTION SURVEY DEFOE-SPIN&#8221; font_container=&#8221;tag:h3|text_align:left|color:%23ffffff&#8221; use_theme_fonts=&#8221;yes&#8221; css=&#8221;.vc_custom_1515612586849{background-color: #67aeaf !important;}&#8221;][vc_column_text]<\/p>\n<p style=\"text-align: center;\">Luis Estrada, CEO of SPIN-TCP in an interview with Paola Rojas on Radio F\u00f3rmula<\/p>\n<p style=\"text-align: center;\"><strong>November 15th, 2017<\/strong><\/p>\n<p>[\/vc_column_text][vc_column_text]<\/p>\n<audio class=\"wp-audio-shortcode\" id=\"audio-2422-10\" preload=\"none\" style=\"width: 100%;\" controls=\"controls\"><source type=\"audio\/mpeg\" src=\"https:\/\/encuestadefoe-spin.com\/wp-content\/uploads\/2017\/11\/PAOLA-ROJAS-20171115.mp3?_=10\" \/><a href=\"https:\/\/encuestadefoe-spin.com\/wp-content\/uploads\/2017\/11\/PAOLA-ROJAS-20171115.mp3\">https:\/\/encuestadefoe-spin.com\/wp-content\/uploads\/2017\/11\/PAOLA-ROJAS-20171115.mp3<\/a><\/audio>\n<p>[\/vc_column_text][vc_empty_space height=&#8221;20px&#8221;][vc_column_text]<\/p>\n<p style=\"text-align: center;\">Luis Estrada, CEO of SPIN-TCP in an interview with\u00a0Ciro G\u00f3mez Leyva on Radio F\u00f3rmula<br \/>\n<strong>November 20th, 2017<\/strong><\/p>\n<p>[\/vc_column_text][vc_column_text]<\/p>\n<audio class=\"wp-audio-shortcode\" id=\"audio-2422-11\" preload=\"none\" style=\"width: 100%;\" controls=\"controls\"><source type=\"audio\/mpeg\" src=\"https:\/\/encuestadefoe-spin.com\/wp-content\/uploads\/2017\/11\/CIRO-GOMEZ-LEYVA-20171120.mp3?_=11\" \/><a href=\"https:\/\/encuestadefoe-spin.com\/wp-content\/uploads\/2017\/11\/CIRO-GOMEZ-LEYVA-20171120.mp3\">https:\/\/encuestadefoe-spin.com\/wp-content\/uploads\/2017\/11\/CIRO-GOMEZ-LEYVA-20171120.mp3<\/a><\/audio>\n<p>[\/vc_column_text][vc_custom_heading text=&#8221;FIRST TRANSITION SURVEY 2018 SPIN&#8221; font_container=&#8221;tag:h3|text_align:left|color:%23ffffff&#8221; use_theme_fonts=&#8221;yes&#8221; css=&#8221;.vc_custom_1538693061757{background-color: #67aeaf !important;}&#8221;][vc_column_text]<\/p>\n<p style=\"text-align: center;\">Luis Estrada, CEO of SPIN-TCP, in an interview with Ciro G\u00f3mez Leyva por la Ma\u00f1ana.<\/p>\n<p style=\"text-align: center;\"><strong>September 28th, 2018<\/strong><\/p>\n<p>[\/vc_column_text][vc_column_text]<\/p>\n<audio class=\"wp-audio-shortcode\" id=\"audio-2422-12\" preload=\"none\" style=\"width: 100%;\" controls=\"controls\"><source type=\"audio\/mpeg\" src=\"https:\/\/encuestadefoe-spin.com\/wp-content\/uploads\/2018\/10\/075222_640.mp3?_=12\" \/><a href=\"https:\/\/encuestadefoe-spin.com\/wp-content\/uploads\/2018\/10\/075222_640.mp3\">https:\/\/encuestadefoe-spin.com\/wp-content\/uploads\/2018\/10\/075222_640.mp3<\/a><\/audio>\n<p>[\/vc_column_text][\/vc_column_inner][\/vc_row_inner][vc_empty_space height=&#8221;40px&#8221;][vc_row_inner el_id=&#8221;socialmedia&#8221;][vc_column_inner][vc_custom_heading text=&#8221;SOCIAL MEDIA&#8221; font_container=&#8221;tag:h3|font_size:36px|text_align:left|color:%2367aeaf|line_height:42px&#8221; use_theme_fonts=&#8221;yes&#8221; css_animation=&#8221;fadeInUp&#8221;][vc_separator color=&#8221;custom&#8221; border_width=&#8221;3&#8243; accent_color=&#8221;#67aeaf&#8221;][vc_custom_heading text=&#8221;FIRST PRE-ELECTION SURVEY DEFOE-SPIN&#8221; font_container=&#8221;tag:h3|text_align:left|color:%23ffffff&#8221; use_theme_fonts=&#8221;yes&#8221; css=&#8221;.vc_custom_1514069788863{background-color: #67aeaf !important;}&#8221;][\/vc_column_inner][\/vc_row_inner][vc_row_inner][vc_column_inner width=&#8221;1\/3&#8243;][vc_column_text]<\/p>\n<blockquote class=\"twitter-tweet\" data-lang=\"es\"><p>En <a href=\"https:\/\/twitter.com\/hashtag\/M%C3%A9xico?src=hash&amp;ref_src=twsrc%5Etfw\">#M\u00e9xico<\/a> tenemos una contienda muy clara hacia adelante: entre Morena y el <a href=\"https:\/\/twitter.com\/PRI_Nacional?ref_src=twsrc%5Etfw\">@PRI_Nacional<\/a> hay empate t\u00e9cnico en primer lugar y son, claramente, dos proyectos distintos de pa\u00eds los que ofrecemos ambos partidos. | Entrevista con <a href=\"https:\/\/twitter.com\/CiroGomezL?ref_src=twsrc%5Etfw\">@CiroGomezL<\/a> en <a href=\"https:\/\/twitter.com\/Radio_Formula?ref_src=twsrc%5Etfw\">@Radio_Formula<\/a> <a href=\"https:\/\/t.co\/K323BmG2Bz\">pic.twitter.com\/K323BmG2Bz<\/a><br \/>\n\u2014 Enrique Ochoa Reza (@EnriqueOchoaR) <a href=\"https:\/\/twitter.com\/EnriqueOchoaR\/status\/934098658542227456?ref_src=twsrc%5Etfw\">24 de noviembre de 2017<\/a><\/p><\/blockquote>\n<p><script async src=\"https:\/\/platform.twitter.com\/widgets.js\" charset=\"utf-8\"><\/script><br \/>\n[\/vc_column_text][\/vc_column_inner][vc_column_inner width=&#8221;1\/3&#8243;][vc_column_text]<\/p>\n<blockquote class=\"twitter-tweet\" data-lang=\"es\"><p>Nuestro partido est\u00e1 en primer lugar en las preferencias para la elecci\u00f3n en el 2018. Seguiremos trabajando en unidad para defender a <a href=\"https:\/\/twitter.com\/hashtag\/M%C3%A9xico?src=hash&amp;ref_src=twsrc%5Etfw\">#M\u00e9xico<\/a> del populismo autoritario que nos amenaza. <a href=\"https:\/\/t.co\/1zRg1OtgPJ\">pic.twitter.com\/1zRg1OtgPJ<\/a><br \/>\n\u2014 Enrique Ochoa Reza (@EnriqueOchoaR) <a href=\"https:\/\/twitter.com\/EnriqueOchoaR\/status\/931401366169378817?ref_src=twsrc%5Etfw\">17 de noviembre de 2017<\/a><\/p><\/blockquote>\n<p><script async src=\"https:\/\/platform.twitter.com\/widgets.js\" charset=\"utf-8\"><\/script><br \/>\n[\/vc_column_text][\/vc_column_inner][vc_column_inner width=&#8221;1\/3&#8243;][vc_column_text]<\/p>\n<blockquote class=\"twitter-tweet\" data-lang=\"es\"><p>El <a href=\"https:\/\/twitter.com\/PRI_Nacional?ref_src=twsrc%5Etfw\">@PRI_Nacional<\/a> est\u00e1 en 1er lugar, en empate t\u00e9cnico con Morena. \u00a1Vamos a ganar juntos el 2018!<a href=\"https:\/\/t.co\/jWpF0Y2YRg\">https:\/\/t.co\/jWpF0Y2YRg<\/a> <a href=\"https:\/\/t.co\/WuaVHruL00\">pic.twitter.com\/WuaVHruL00<\/a><br \/>\n\u2014 Enrique Ochoa Reza (@EnriqueOchoaR) <a href=\"https:\/\/twitter.com\/EnriqueOchoaR\/status\/931367950245908481?ref_src=twsrc%5Etfw\">17 de noviembre de 2017<\/a><\/p><\/blockquote>\n<p><script async src=\"https:\/\/platform.twitter.com\/widgets.js\" charset=\"utf-8\"><\/script><br \/>\n[\/vc_column_text][\/vc_column_inner][\/vc_row_inner][vc_row_inner][vc_column_inner width=&#8221;1\/3&#8243;][vc_column_text]<\/p>\n<blockquote class=\"twitter-tweet\" data-lang=\"es\"><p>Que conste que se los dije: <a href=\"https:\/\/twitter.com\/RicardoAnayaC?ref_src=twsrc%5Etfw\">@RicardoAnayaC<\/a> le dio en la madre al PAN. Ya lo mand\u00f3 al tercer lugar. Aqu\u00ed las \u00faltimas encuestas \ud83d\udc47\ud83c\udffc <a href=\"https:\/\/t.co\/gvdKVWAOsS\">pic.twitter.com\/gvdKVWAOsS<\/a><br \/>\n\u2014 Javier Lozano A (@JLozanoA) <a href=\"https:\/\/twitter.com\/JLozanoA\/status\/931218842000527363?ref_src=twsrc%5Etfw\">16 de noviembre de 2017<\/a><\/p><\/blockquote>\n<p><script async src=\"https:\/\/platform.twitter.com\/widgets.js\" charset=\"utf-8\"><\/script><br \/>\n[\/vc_column_text][\/vc_column_inner][vc_column_inner width=&#8221;1\/3&#8243;][vc_column_text]<\/p>\n<blockquote class=\"twitter-tweet\" data-lang=\"es\"><p>\u00bfDe qu\u00e9 tama\u00f1o es la crisis generada por <a href=\"https:\/\/twitter.com\/RicardoAnayaC?ref_src=twsrc%5Etfw\">@RicardoAnayaC<\/a>? Pues bien, hoy <a href=\"https:\/\/twitter.com\/AccionNacional?ref_src=twsrc%5Etfw\">@AccionNacional<\/a> ha dejado de ser una opci\u00f3n competitiva y nos fuimos al penoso tercer lugar. \u00bfQu\u00e9 m\u00e1s pruebas quieren de que Anaya debe renunciar? <a href=\"https:\/\/t.co\/pC193CGh6z\">pic.twitter.com\/pC193CGh6z<\/a><br \/>\n\u2014 Rebeldes del PAN (@RebeldesDelPan) <a href=\"https:\/\/twitter.com\/RebeldesDelPan\/status\/931288588439846912?ref_src=twsrc%5Etfw\">16 de noviembre de 2017<\/a><\/p><\/blockquote>\n<p><script async src=\"https:\/\/platform.twitter.com\/widgets.js\" charset=\"utf-8\"><\/script><br \/>\n[\/vc_column_text][\/vc_column_inner][vc_column_inner width=&#8221;1\/3&#8243;][vc_column_text]<\/p>\n<blockquote class=\"twitter-tweet\" data-lang=\"es\"><p>A las 4:00 pm por <a href=\"https:\/\/twitter.com\/FormulaBajio?ref_src=twsrc%5Etfw\">@FormulaBajio<\/a> nos acompa\u00f1ar\u00e1 <a href=\"https:\/\/twitter.com\/luisestrada_?ref_src=twsrc%5Etfw\">@luisestrada_<\/a> para dar detalles de la Primera Encuesta Preelectoral \u201c<a href=\"https:\/\/t.co\/0aN79qZX8q\">https:\/\/t.co\/0aN79qZX8q<\/a><br \/>\n\u2014 Jorge Jimenez (@JJIMENEZO) <a href=\"https:\/\/twitter.com\/JJIMENEZO\/status\/932662701834240000?ref_src=twsrc%5Etfw\">20 de noviembre de 2017<\/a><\/p><\/blockquote>\n<p><script async src=\"https:\/\/platform.twitter.com\/widgets.js\" charset=\"utf-8\"><\/script><br \/>\n[\/vc_column_text][\/vc_column_inner][\/vc_row_inner][vc_row_inner][vc_column_inner width=&#8221;1\/3&#8243;][vc_empty_space][\/vc_column_inner][vc_column_inner width=&#8221;1\/3&#8243;][vc_column_text]<\/p>\n<blockquote class=\"twitter-tweet\" data-lang=\"es\"><p>Los n\u00fameros de aprobaci\u00f3n de <a href=\"https:\/\/twitter.com\/EPN?ref_src=twsrc%5Etfw\">@EPN<\/a> no son tan buenos, pero \u00bfqu\u00e9 puede hacer para mejorarlos? <a href=\"https:\/\/twitter.com\/aleleyva9?ref_src=twsrc%5Etfw\">@aleleyva9<\/a> de SPIN escribe: <a href=\"https:\/\/t.co\/q4MHLmmQkh\">https:\/\/t.co\/q4MHLmmQkh<\/a><br \/>\n\u2014 AnimalPolitico.com (@Pajaropolitico) <a href=\"https:\/\/twitter.com\/Pajaropolitico\/status\/931631788518232070?ref_src=twsrc%5Etfw\">17 de noviembre de 2017<\/a><\/p><\/blockquote>\n<p><script async src=\"https:\/\/platform.twitter.com\/widgets.js\" charset=\"utf-8\"><\/script><br \/>\n[\/vc_column_text][\/vc_column_inner][vc_column_inner width=&#8221;1\/3&#8243;][vc_empty_space][\/vc_column_inner][\/vc_row_inner][vc_custom_heading text=&#8221;SECOND PRE-ELECTION SURVEY DEFOE-SPIN&#8221; font_container=&#8221;tag:h3|text_align:left|color:%23ffffff&#8221; use_theme_fonts=&#8221;yes&#8221; css=&#8221;.vc_custom_1514069742023{background-color: #67aeaf !important;}&#8221;][vc_row_inner][vc_column_inner width=&#8221;1\/3&#8243;][vc_column_text]<\/p>\n<blockquote class=\"twitter-tweet\" data-lang=\"es\"><p><a href=\"https:\/\/twitter.com\/hashtag\/AlAire?src=hash&amp;ref_src=twsrc%5Etfw\">#AlAire<\/a> Estamos conversando en <a href=\"https:\/\/twitter.com\/hashtag\/PorLaMa%C3%B1ana?src=hash&amp;ref_src=twsrc%5Etfw\">#PorLaMa\u00f1ana<\/a> con <a href=\"https:\/\/twitter.com\/luisestrada_?ref_src=twsrc%5Etfw\">@luisestrada_<\/a> sobre las encuestas presidenciales.<br \/>\n\u2014 Ciro G\u00f3mez Leyva (@CiroGomezL) <a href=\"https:\/\/twitter.com\/CiroGomezL\/status\/979364085967007744?ref_src=twsrc%5Etfw\">29 de marzo de 2018<\/a><\/p><\/blockquote>\n<p><script async src=\"https:\/\/platform.twitter.com\/widgets.js\" charset=\"utf-8\"><\/script><br \/>\n[\/vc_column_text][\/vc_column_inner][vc_column_inner width=&#8221;1\/3&#8243;][vc_column_text]<\/p>\n<blockquote class=\"twitter-tweet\" data-lang=\"es\"><p>A nombre de la magistrada y los magistrados del <a href=\"https:\/\/twitter.com\/TEPJF_TOL?ref_src=twsrc%5Etfw\">@TEPJF_TOL<\/a>, entregamos un reconocimiento al Dr. <a href=\"https:\/\/twitter.com\/luisestrada_?ref_src=twsrc%5Etfw\">@luisestrada_<\/a> por su destacada participaci\u00f3n, impartiendo la conferencia \u201cLa Influencia de las <a href=\"https:\/\/twitter.com\/hashtag\/Encuestas?src=hash&amp;ref_src=twsrc%5Etfw\">#Encuestas<\/a> Electorales en M\u00e9xico 2018\u201d \u00a1Enhorabuena! <a href=\"https:\/\/t.co\/6ujeRsikPV\">pic.twitter.com\/6ujeRsikPV<\/a><br \/>\n\u2014 Sala Toluca (@TEPJF_TOL) <a href=\"https:\/\/twitter.com\/TEPJF_TOL\/status\/974022214314967040?ref_src=twsrc%5Etfw\">14 de marzo de 2018<\/a><\/p><\/blockquote>\n<p><script async src=\"https:\/\/platform.twitter.com\/widgets.js\" charset=\"utf-8\"><\/script><br \/>\n[\/vc_column_text][\/vc_column_inner][vc_column_inner width=&#8221;1\/3&#8243;][vc_column_text]<\/p>\n<blockquote class=\"twitter-tweet\" data-lang=\"es\"><p>Encuestas y mercadotecnia electoral. Mesa redonda en <a href=\"https:\/\/twitter.com\/UNAM_FCPyS?ref_src=twsrc%5Etfw\">@UNAM_FCPyS<\/a> con <a href=\"https:\/\/twitter.com\/RubenAguilar?ref_src=twsrc%5Etfw\">@RubenAguilar<\/a> <a href=\"https:\/\/twitter.com\/luisestrada_?ref_src=twsrc%5Etfw\">@luisestrada_<\/a> y <a href=\"https:\/\/twitter.com\/RobertoMorris?ref_src=twsrc%5Etfw\">@RobertoMorris<\/a> <a href=\"https:\/\/t.co\/CM6bfJBDj8\">pic.twitter.com\/CM6bfJBDj8<\/a><br \/>\n\u2014 Ra\u00fal Trejo Delarbre (@ciberfan) <a href=\"https:\/\/twitter.com\/ciberfan\/status\/976150384048791552?ref_src=twsrc%5Etfw\">20 de marzo de 2018<\/a><\/p><\/blockquote>\n<p><script async src=\"https:\/\/platform.twitter.com\/widgets.js\" charset=\"utf-8\"><\/script><br \/>\n[\/vc_column_text][\/vc_column_inner][\/vc_row_inner][vc_row_inner][vc_column_inner width=&#8221;1\/3&#8243;][vc_column_text]<\/p>\n<blockquote class=\"twitter-tweet\" data-lang=\"es\"><p>No te lo puedes perder: Encuentros 2018 Encuentros 2018 <a href=\"https:\/\/twitter.com\/hashtag\/FCPYS?src=hash&amp;ref_src=twsrc%5Etfw\">#FCPYS<\/a> <a href=\"https:\/\/twitter.com\/hashtag\/UNAM?src=hash&amp;ref_src=twsrc%5Etfw\">#UNAM<\/a> <a href=\"https:\/\/t.co\/x20g3ebAvr\">pic.twitter.com\/x20g3ebAvr<\/a><br \/>\n\u2014 FCPyS-UNAM (@UNAM_FCPyS) <a href=\"https:\/\/twitter.com\/UNAM_FCPyS\/status\/970731951404605443?ref_src=twsrc%5Etfw\">5 de marzo de 2018<\/a><\/p><\/blockquote>\n<p><script async src=\"https:\/\/platform.twitter.com\/widgets.js\" charset=\"utf-8\"><\/script><br \/>\n[\/vc_column_text][\/vc_column_inner][vc_column_inner width=&#8221;1\/3&#8243;][vc_column_text]<\/p>\n<blockquote class=\"twitter-tweet\" data-lang=\"es\"><p><a href=\"https:\/\/t.co\/puXLd9ACal\">pic.twitter.com\/puXLd9ACal<\/a><br \/>\n\u2014 Encuentros 2018 (@Encuentros2018_) <a href=\"https:\/\/twitter.com\/Encuentros2018_\/status\/976159493670297607?ref_src=twsrc%5Etfw\">20 de marzo de 2018<\/a><\/p><\/blockquote>\n<p><script async src=\"https:\/\/platform.twitter.com\/widgets.js\" charset=\"utf-8\"><\/script><br \/>\n[\/vc_column_text][\/vc_column_inner][vc_column_inner width=&#8221;1\/3&#8243;][vc_column_text]<\/p>\n<blockquote class=\"twitter-tweet\" data-lang=\"es\"><p><a href=\"https:\/\/twitter.com\/luisestrada_?ref_src=twsrc%5Etfw\">@luisestrada_<\/a> gives the audience an overview of the current <a href=\"https:\/\/twitter.com\/hashtag\/presidential?src=hash&amp;ref_src=twsrc%5Etfw\">#presidential<\/a> forecast and the challenges tracking the polls <a href=\"https:\/\/t.co\/o0DvYef3FR\">pic.twitter.com\/o0DvYef3FR<\/a><br \/>\n\u2014 GPS UC San Diego (@GPS_UCSD) <a href=\"https:\/\/twitter.com\/GPS_UCSD\/status\/973300978362413056?ref_src=twsrc%5Etfw\">12 de marzo de 2018<\/a><\/p><\/blockquote>\n<p><script async src=\"https:\/\/platform.twitter.com\/widgets.js\" charset=\"utf-8\"><\/script><br \/>\n[\/vc_column_text][\/vc_column_inner][\/vc_row_inner][vc_row_inner][vc_column_inner width=&#8221;1\/3&#8243;][vc_column_text]<\/p>\n<blockquote class=\"twitter-tweet\" data-lang=\"es\"><p>On the panel about Tracking Mexico\u2019s Polls <a href=\"https:\/\/twitter.com\/luisestrada_?ref_src=twsrc%5Etfw\">@luisestrada_<\/a> discusses the challenges for Mexican polls <a href=\"https:\/\/t.co\/iq3HMKDcZ9\">pic.twitter.com\/iq3HMKDcZ9<\/a><br \/>\n\u2014 USMEX (@USMEXUCSD) <a href=\"https:\/\/twitter.com\/USMEXUCSD\/status\/973300482700529664?ref_src=twsrc%5Etfw\">12 de marzo de 2018<\/a><\/p><\/blockquote>\n<p><script async src=\"https:\/\/platform.twitter.com\/widgets.js\" charset=\"utf-8\"><\/script><br \/>\n[\/vc_column_text][\/vc_column_inner][vc_column_inner width=&#8221;1\/3&#8243;][vc_column_text]<\/p>\n<blockquote class=\"twitter-tweet\" data-lang=\"es\"><p><a href=\"https:\/\/twitter.com\/hashtag\/AlMomento?src=hash&amp;ref_src=twsrc%5Etfw\">#AlMomento<\/a> el Dr. <a href=\"https:\/\/twitter.com\/luisestrada_?ref_src=twsrc%5Etfw\">@luisestrada_<\/a> habla sobre los tipos de <a href=\"https:\/\/twitter.com\/hashtag\/Encuestas?src=hash&amp;ref_src=twsrc%5Etfw\">#Encuestas<\/a> Electorales, regulaci\u00f3n y escenarios 2018. <a href=\"https:\/\/twitter.com\/TEPJF_TOL?ref_src=twsrc%5Etfw\">@TEPJF_TOL<\/a> <a href=\"https:\/\/t.co\/Jpa65sPnzo\">pic.twitter.com\/Jpa65sPnzo<\/a><br \/>\n\u2014 Sala Toluca (@TEPJF_TOL) <a href=\"https:\/\/twitter.com\/TEPJF_TOL\/status\/973998263488593921?ref_src=twsrc%5Etfw\">14 de marzo de 2018<\/a><\/p><\/blockquote>\n<p><script async src=\"https:\/\/platform.twitter.com\/widgets.js\" charset=\"utf-8\"><\/script><br \/>\n[\/vc_column_text][\/vc_column_inner][vc_column_inner width=&#8221;1\/3&#8243;][vc_column_text]<\/p>\n<blockquote class=\"twitter-tweet\" data-lang=\"es\"><p>\u00a1Con el objetivo de conocer el comportamiento <a href=\"https:\/\/twitter.com\/hashtag\/Electoral?src=hash&amp;ref_src=twsrc%5Etfw\">#Electoral<\/a> y sus efectos en la <a href=\"https:\/\/twitter.com\/hashtag\/Opini%C3%B3nP%C3%BAblica?src=hash&amp;ref_src=twsrc%5Etfw\">#Opini\u00f3nP\u00fablica<\/a>, este 14 de marzo presentamos la conferencia &#8220;La Influencia de las <a href=\"https:\/\/twitter.com\/hashtag\/Encuestas?src=hash&amp;ref_src=twsrc%5Etfw\">#Encuestas<\/a> Electorales en M\u00e9xico 2018&#8243; a cargo del Dr. <a href=\"https:\/\/twitter.com\/luisestrada_?ref_src=twsrc%5Etfw\">@luisestrada_<\/a> Director Gral. de SPIN. 12:00 hrs en el <a href=\"https:\/\/twitter.com\/TEPJF_TOL?ref_src=twsrc%5Etfw\">@TEPJF_TOL<\/a>! <a href=\"https:\/\/t.co\/ZeosOgkHTp\">pic.twitter.com\/ZeosOgkHTp<\/a><br \/>\n\u2014 Sala Toluca (@TEPJF_TOL) <a href=\"https:\/\/twitter.com\/TEPJF_TOL\/status\/970730303424577536?ref_src=twsrc%5Etfw\">5 de marzo de 2018<\/a><\/p><\/blockquote>\n<p><script async src=\"https:\/\/platform.twitter.com\/widgets.js\" charset=\"utf-8\"><\/script><br \/>\n[\/vc_column_text][\/vc_column_inner][\/vc_row_inner][vc_row_inner][vc_column_inner width=&#8221;1\/3&#8243;][vc_column_text]<\/p>\n<blockquote class=\"twitter-tweet\" data-lang=\"es\"><p>El Dr. <a href=\"https:\/\/twitter.com\/luisestrada_?ref_src=twsrc%5Etfw\">@luisestrada_<\/a> ha sido Director de evaluaci\u00f3n de riesgo en <a href=\"https:\/\/twitter.com\/PresidenciaMX?ref_src=twsrc%5Etfw\">@PresidenciaMX<\/a> y asesor en <a href=\"https:\/\/twitter.com\/SEGOB_mx?ref_src=twsrc%5Etfw\">@SEGOB_mx<\/a>. Estar\u00e1 con nosotros en el <a href=\"https:\/\/twitter.com\/TEPJF_TOL?ref_src=twsrc%5Etfw\">@TEPJF_TOL<\/a> el pr\u00f3ximo mi\u00e9rcoles 14 de marzo para impartir la <a href=\"https:\/\/twitter.com\/hashtag\/Conferencia?src=hash&amp;ref_src=twsrc%5Etfw\">#Conferencia<\/a> &#8220;La Influencia de las <a href=\"https:\/\/twitter.com\/hashtag\/Encuestas?src=hash&amp;ref_src=twsrc%5Etfw\">#Encuestas<\/a> Electorales en M\u00e9xico 2018&#8243; <a href=\"https:\/\/t.co\/DUhPfdnSyC\">pic.twitter.com\/DUhPfdnSyC<\/a><br \/>\n\u2014 Sala Toluca (@TEPJF_TOL) <a href=\"https:\/\/twitter.com\/TEPJF_TOL\/status\/971065573810384896?ref_src=twsrc%5Etfw\">6 de marzo de 2018<\/a><\/p><\/blockquote>\n<p><script async src=\"https:\/\/platform.twitter.com\/widgets.js\" charset=\"utf-8\"><\/script><br \/>\n[\/vc_column_text][\/vc_column_inner][vc_column_inner width=&#8221;1\/3&#8243;][vc_column_text]<\/p>\n<blockquote class=\"twitter-tweet\" data-lang=\"es\"><p>Qui\u00e9nes votar\u00edan por <a href=\"https:\/\/twitter.com\/hashtag\/Morena?src=hash&amp;ref_src=twsrc%5Etfw\">#Morena<\/a> <a href=\"https:\/\/twitter.com\/lopezobrador_?ref_src=twsrc%5Etfw\">@lopezobrador_<\/a> como 2a opci\u00f3n?<a href=\"https:\/\/twitter.com\/aleleyva9?ref_src=twsrc%5Etfw\">@aleleyva9<\/a> explica y demuestra con datos de la <a href=\"https:\/\/t.co\/5TzS4y4FAP\">https:\/\/t.co\/5TzS4y4FAP<\/a> en el blog de SPIN para <a href=\"https:\/\/twitter.com\/Pajaropolitico?ref_src=twsrc%5Etfw\">@Pajaropolitico<\/a><a href=\"https:\/\/t.co\/gXbz1rp8AY\">https:\/\/t.co\/gXbz1rp8AY<\/a><br \/>\n\u2014 Luis Estrada (@luisestrada_) <a href=\"https:\/\/twitter.com\/luisestrada_\/status\/961995342588805120?ref_src=twsrc%5Etfw\">9 de febrero de 2018<\/a><\/p><\/blockquote>\n<p><script async src=\"https:\/\/platform.twitter.com\/widgets.js\" charset=\"utf-8\"><\/script><br \/>\n[\/vc_column_text][\/vc_column_inner][vc_column_inner width=&#8221;1\/3&#8243;][vc_column_text]<\/p>\n<blockquote class=\"twitter-tweet\" data-lang=\"es\"><p>Escrib\u00ed sobre las segundas opciones y la divisi\u00f3n del electorado en <a href=\"https:\/\/twitter.com\/Pajaropolitico?ref_src=twsrc%5Etfw\">@Pajaropolitico<\/a> \ud83d\ude42 leer-&gt; <a href=\"https:\/\/t.co\/rNi8s5I8CF\">https:\/\/t.co\/rNi8s5I8CF<\/a><br \/>\n\u2014 Alejandra Leyva (@aleleyva9) <a href=\"https:\/\/twitter.com\/aleleyva9\/status\/961989510493102082?ref_src=twsrc%5Etfw\">9 de febrero de 2018<\/a><\/p><\/blockquote>\n<p><script async src=\"https:\/\/platform.twitter.com\/widgets.js\" charset=\"utf-8\"><\/script><br \/>\n[\/vc_column_text][\/vc_column_inner][\/vc_row_inner][vc_row_inner][vc_column_inner width=&#8221;1\/3&#8243;][vc_column_text]<\/p>\n<blockquote class=\"twitter-tweet\" data-lang=\"es\"><p><a href=\"https:\/\/twitter.com\/hashtag\/Plumaje?src=hash&amp;ref_src=twsrc%5Etfw\">#Plumaje<\/a> | <a href=\"https:\/\/twitter.com\/aleleyva9?ref_src=twsrc%5Etfw\">@aleleyva9<\/a> de Spin, Taller de Comunicaci\u00f3n Pol\u00edtica, presenta un estudio de preferencias sobre las <a href=\"https:\/\/twitter.com\/hashtag\/Elecciones2018?src=hash&amp;ref_src=twsrc%5Etfw\">#Elecciones2018<\/a> <a href=\"https:\/\/t.co\/qBqtLbv1Po\">https:\/\/t.co\/qBqtLbv1Po<\/a><br \/>\n\u2014 AnimalPolitico.com (@Pajaropolitico) <a href=\"https:\/\/twitter.com\/Pajaropolitico\/status\/962015950139670528?ref_src=twsrc%5Etfw\">9 de febrero de 2018<\/a><\/p><\/blockquote>\n<p><script async src=\"https:\/\/platform.twitter.com\/widgets.js\" charset=\"utf-8\"><\/script><br \/>\n[\/vc_column_text][\/vc_column_inner][vc_column_inner width=&#8221;1\/3&#8243;][vc_column_text]<\/p>\n<blockquote class=\"twitter-tweet\" data-lang=\"es\"><p>La 2a Encuesta Preelectoral DEFOE-SPIN <a href=\"https:\/\/t.co\/Jxk3XBy0Jo\">https:\/\/t.co\/Jxk3XBy0Jo<\/a> publicada en diciembre 2017, es la \u00fanica que captura el efecto de la nominaci\u00f3n de los precandidatos a la presidencia via <a href=\"https:\/\/twitter.com\/oraculus_mx?ref_src=twsrc%5Etfw\">@oraculus_mx<\/a> <a href=\"https:\/\/t.co\/tBRZmQ36Pu\">pic.twitter.com\/tBRZmQ36Pu<\/a><br \/>\n\u2014 Luis Estrada (@luisestrada_) <a href=\"https:\/\/twitter.com\/luisestrada_\/status\/951074063824375808?ref_src=twsrc%5Etfw\">10 de enero de 2018<\/a><\/p><\/blockquote>\n<p><script async src=\"https:\/\/platform.twitter.com\/widgets.js\" charset=\"utf-8\"><\/script><br \/>\n[\/vc_column_text][\/vc_column_inner][vc_column_inner width=&#8221;1\/3&#8243;][vc_column_text]<\/p>\n<blockquote class=\"twitter-tweet\" data-lang=\"es\"><p>En el estudio <a href=\"https:\/\/twitter.com\/luisestrada_?ref_src=twsrc%5Etfw\">@luisestrada_<\/a> y <a href=\"https:\/\/twitter.com\/yamilnares?ref_src=twsrc%5Etfw\">@yamilnares<\/a>, director de Defoe, sobre la encuesta preelectoral de Defoe &#8211; Spin; con <a href=\"https:\/\/twitter.com\/CiroGomezL?ref_src=twsrc%5Etfw\">@CiroGomezL<\/a> <a href=\"https:\/\/twitter.com\/hashtag\/PorLaMa%C3%B1ana?src=hash&amp;ref_src=twsrc%5Etfw\">#PorLaMa\u00f1ana<\/a> <a href=\"https:\/\/t.co\/0FmpqWWuc4\">https:\/\/t.co\/0FmpqWWuc4<\/a><br \/>\n\u2014 Grupo F\u00f3rmula (@Radio_Formula) <a href=\"https:\/\/twitter.com\/Radio_Formula\/status\/943493149728624640?ref_src=twsrc%5Etfw\">20 de diciembre de 2017<\/a><\/p><\/blockquote>\n<p><script async src=\"https:\/\/platform.twitter.com\/widgets.js\" charset=\"utf-8\"><\/script><br \/>\n[\/vc_column_text][\/vc_column_inner][\/vc_row_inner][vc_row_inner][vc_column_inner width=&#8221;1\/3&#8243;][vc_column_text]<\/p>\n<blockquote class=\"twitter-tweet\" data-lang=\"es\"><p><a href=\"https:\/\/twitter.com\/hashtag\/Jos%C3%A9C%C3%A1rdenasInforma?src=hash&amp;ref_src=twsrc%5Etfw\">#Jos\u00e9C\u00e1rdenasInforma<\/a> AMLO, 10 PUNTOS ARRIBA DE SUS RIVALES, SEG\u00daN ENCUESTA REALIZADA POR DEFOE-SPIN <a href=\"https:\/\/twitter.com\/hashtag\/TodasLasNoticias?src=hash&amp;ref_src=twsrc%5Etfw\">#TodasLasNoticias<\/a> <a href=\"https:\/\/twitter.com\/hashtag\/TodasLasVoces?src=hash&amp;ref_src=twsrc%5Etfw\">#TodasLasVoces<\/a> 103.3 FM<br \/>\n\u2014 JOS\u00c9 C\u00c1RDENAS (@JoseCardenas1) <a href=\"https:\/\/twitter.com\/JoseCardenas1\/status\/943643457570131969?ref_src=twsrc%5Etfw\">21 de diciembre de 2017<\/a><\/p><\/blockquote>\n<p><script async src=\"https:\/\/platform.twitter.com\/widgets.js\" charset=\"utf-8\"><\/script><br \/>\n[\/vc_column_text][\/vc_column_inner][vc_column_inner width=&#8221;1\/3&#8243;][vc_column_text]<\/p>\n<blockquote class=\"twitter-tweet\" data-lang=\"es\"><p>En el estudio de <a href=\"https:\/\/twitter.com\/hashtag\/PorLaMa%C3%B1ana?src=hash&amp;ref_src=twsrc%5Etfw\">#PorLaMa\u00f1ana<\/a> <a href=\"https:\/\/twitter.com\/luisestrada_?ref_src=twsrc%5Etfw\">@luisestrada_<\/a> y <a href=\"https:\/\/twitter.com\/yamilnares?ref_src=twsrc%5Etfw\">@yamilnares<\/a>, director de Defoe, sobre la encuesta preelectoral de Defoe &#8211; Spin.<br \/>\n\u2014 Ciro G\u00f3mez Leyva (@CiroGomezL) <a href=\"https:\/\/twitter.com\/CiroGomezL\/status\/943492522868989952?ref_src=twsrc%5Etfw\">20 de diciembre de 2017<\/a><\/p><\/blockquote>\n<p><script async src=\"https:\/\/platform.twitter.com\/widgets.js\" charset=\"utf-8\"><\/script><br \/>\n[\/vc_column_text][\/vc_column_inner][vc_column_inner width=&#8221;1\/3&#8243;][vc_column_text]<\/p>\n<blockquote class=\"twitter-tweet\" data-lang=\"es\"><p>La encuesta preelectoral de Defoe Spin se publicar\u00e1 en <a href=\"https:\/\/t.co\/LZ0wwKspUS\">https:\/\/t.co\/LZ0wwKspUS<\/a> <a href=\"https:\/\/t.co\/jVHePOMnU7\">pic.twitter.com\/jVHePOMnU7<\/a><br \/>\n\u2014 Ciro G\u00f3mez Leyva (@CiroGomezL) <a href=\"https:\/\/twitter.com\/CiroGomezL\/status\/943498733395771392?ref_src=twsrc%5Etfw\">20 de diciembre de 2017<\/a><\/p><\/blockquote>\n<p><script async src=\"https:\/\/platform.twitter.com\/widgets.js\" charset=\"utf-8\"><\/script><br \/>\n[\/vc_column_text][\/vc_column_inner][\/vc_row_inner][vc_custom_heading text=&#8221;FIRST TRANSITION SURVEY 2018 SPIN&#8221; font_container=&#8221;tag:h3|text_align:left|color:%23ffffff&#8221; use_theme_fonts=&#8221;yes&#8221; css=&#8221;.vc_custom_1539012970850{background-color: #67aeaf !important;}&#8221;][vc_row_inner][vc_column_inner width=&#8221;1\/3&#8243;][vc_column_text]<\/p>\n<blockquote class=\"twitter-tweet\" data-lang=\"en\"><p>Resumen de todas las preguntas utilizadas en <a href=\"https:\/\/twitter.com\/hashtag\/Encuestas?src=hash&amp;ref_src=twsrc%5Etfw\">#Encuestas<\/a> para medir la decisi\u00f3n del <a href=\"https:\/\/twitter.com\/hashtag\/Aeropuerto?src=hash&amp;ref_src=twsrc%5Etfw\">#Aeropuerto<\/a> <a href=\"https:\/\/twitter.com\/hashtag\/NAIM?src=hash&amp;ref_src=twsrc%5Etfw\">#NAIM<\/a><a href=\"https:\/\/t.co\/404eylkvAx\">https:\/\/t.co\/404eylkvAx<\/a> <a href=\"https:\/\/t.co\/Ox658uqtJZ\">pic.twitter.com\/Ox658uqtJZ<\/a><br \/>\n\u2014 Luis Estrada (@luisestrada_) <a href=\"https:\/\/twitter.com\/luisestrada_\/status\/1048189991233437696?ref_src=twsrc%5Etfw\">October 5, 2018<\/a><\/p><\/blockquote>\n<p><script async src=\"https:\/\/platform.twitter.com\/widgets.js\" charset=\"utf-8\"><\/script><br \/>\n[\/vc_column_text][\/vc_column_inner][vc_column_inner width=&#8221;1\/3&#8243;][vc_column_text]<\/p>\n<blockquote class=\"twitter-tweet\" data-lang=\"en\">\n<p dir=\"ltr\" lang=\"es\">Esta noche en <a href=\"https:\/\/twitter.com\/ImagenTVMex?ref_src=twsrc%5Etfw\">@ImagenTVMex<\/a> con <a href=\"https:\/\/twitter.com\/CiroGomezL?ref_src=twsrc%5Etfw\">@CiroGomezL<\/a> sobre la <a href=\"https:\/\/twitter.com\/hashtag\/ConsultaNAICM?src=hash&amp;ref_src=twsrc%5Etfw\">#ConsultaNAICM<\/a> <a href=\"https:\/\/t.co\/l5MXQwx9Ac\">pic.twitter.com\/l5MXQwx9Ac<\/a><\/p>\n<p>\u2014 Luis Estrada (@luisestrada_) <a href=\"https:\/\/twitter.com\/luisestrada_\/status\/1052042004815863809?ref_src=twsrc%5Etfw\">October 16, 2018<\/a><\/p><\/blockquote>\n<p><script async src=\"https:\/\/platform.twitter.com\/widgets.js\" charset=\"utf-8\"><\/script>[\/vc_column_text][\/vc_column_inner][vc_column_inner width=&#8221;1\/3&#8243;][vc_column_text]<\/p>\n<blockquote class=\"twitter-tweet\" data-lang=\"en\">\n<p dir=\"ltr\" lang=\"es\">EN VIVO: Qu\u00e9 opinan las 7 principales encuestadoras de M\u00e9xico sobre la pregunta que se le har\u00e1 a los ciudadanos en la <a href=\"https:\/\/twitter.com\/hashtag\/ConsultaNAICM?src=hash&amp;ref_src=twsrc%5Etfw\">#ConsultaNAICM<\/a> \u00bfEs parcial o imparcial?<a href=\"https:\/\/t.co\/o0wm7wQpAP\">https:\/\/t.co\/o0wm7wQpAP<\/a><\/p>\n<p>\u2014 Ciro G\u00f3mez Leyva (@CiroGomezL) <a href=\"https:\/\/twitter.com\/CiroGomezL\/status\/1052039115590553601?ref_src=twsrc%5Etfw\">October 16, 2018<\/a><\/p><\/blockquote>\n<p><script async src=\"https:\/\/platform.twitter.com\/widgets.js\" charset=\"utf-8\"><\/script>[\/vc_column_text][\/vc_column_inner][\/vc_row_inner][vc_row_inner][vc_column_inner width=&#8221;1\/3&#8243;][vc_column_text]<\/p>\n<blockquote class=\"twitter-tweet\" data-lang=\"en\">\n<p dir=\"ltr\" lang=\"es\">En unos momentos estar\u00e9 con <a href=\"https:\/\/twitter.com\/CiroGomezL?ref_src=twsrc%5Etfw\">@CiroGomezL<\/a> para presentar los resultados de la Primera <a href=\"https:\/\/twitter.com\/hashtag\/Encuesta?src=hash&amp;ref_src=twsrc%5Etfw\">#Encuesta<\/a> SPIN de <a href=\"https:\/\/twitter.com\/hashtag\/Transicion2018?src=hash&amp;ref_src=twsrc%5Etfw\">#Transicion2018<\/a><\/p>\n<p>LIBRE ACCESO:<br \/>\nCuestionario completo y base de datos en <a href=\"https:\/\/t.co\/Jxk3XBgpkO\">https:\/\/t.co\/Jxk3XBgpkO<\/a> <a href=\"https:\/\/t.co\/FthIki8Upu\">pic.twitter.com\/FthIki8Upu<\/a><\/p>\n<p>\u2014 Luis Estrada (@luisestrada_) <a href=\"https:\/\/twitter.com\/luisestrada_\/status\/1046746019688398849?ref_src=twsrc%5Etfw\">October 1, 2018<\/a><\/p><\/blockquote>\n<p><script async src=\"https:\/\/platform.twitter.com\/widgets.js\" charset=\"utf-8\"><\/script><br \/>\n[\/vc_column_text][\/vc_column_inner][vc_column_inner width=&#8221;1\/3&#8243;][vc_column_text]<\/p>\n<blockquote class=\"twitter-tweet\" data-lang=\"en\"><p>En el estudio de <a href=\"https:\/\/twitter.com\/hashtag\/PorLaMa%C3%B1ana?src=hash&amp;ref_src=twsrc%5Etfw\">#PorLaMa\u00f1ana<\/a> <a href=\"https:\/\/twitter.com\/luisestrada_?ref_src=twsrc%5Etfw\">@luisestrada_<\/a>, para revisar los datos de la encuesta Defoe &#8211; Spin sobre el nuevo aeropuerto <a href=\"https:\/\/t.co\/G7SE9ytIVa\">https:\/\/t.co\/G7SE9ytIVa<\/a><br \/>\n\u2014 Ciro G\u00f3mez Leyva (@CiroGomezL) <a href=\"https:\/\/twitter.com\/CiroGomezL\/status\/1046758458467520512?ref_src=twsrc%5Etfw\">October 1, 2018<\/a><\/p><\/blockquote>\n<p><script async src=\"https:\/\/platform.twitter.com\/widgets.js\" charset=\"utf-8\"><\/script><br \/>\n[\/vc_column_text][\/vc_column_inner][vc_column_inner width=&#8221;1\/3&#8243;][vc_column_text]<\/p>\n<blockquote class=\"twitter-tweet\" data-lang=\"en\">\n<p dir=\"ltr\" lang=\"es\"><a href=\"https:\/\/twitter.com\/luisestrada_?ref_src=twsrc%5Etfw\">@luisestrada_<\/a> nos habl\u00f3 sobre la Primera Encuesta de Transici\u00f3n de SPIN Taller de Comunicaci\u00f3n Pol\u00edtica <a href=\"https:\/\/twitter.com\/hashtag\/AbriendoLaConversacion?src=hash&amp;ref_src=twsrc%5Etfw\">#AbriendoLaConversacion<\/a> por <a href=\"https:\/\/twitter.com\/Radio_Formula?ref_src=twsrc%5Etfw\">@Radio_Formula<\/a>.<a href=\"https:\/\/t.co\/78eXj2mLWx\">https:\/\/t.co\/78eXj2mLWx<\/a><\/p>\n<p>\u2014 Jaime N\u00fa\u00f1ez Pi\u00f1a (@janupi) <a href=\"https:\/\/twitter.com\/janupi\/status\/1046157300321447937?ref_src=twsrc%5Etfw\">September 29, 2018<\/a><\/p><\/blockquote>\n<p><script async src=\"https:\/\/platform.twitter.com\/widgets.js\" charset=\"utf-8\"><\/script><br \/>\n[\/vc_column_text][\/vc_column_inner][\/vc_row_inner][vc_empty_space height=&#8221;40px&#8221;][vc_row_inner el_id=&#8221;print&#8221;][vc_column_inner][vc_custom_heading text=&#8221;PRINT MEDIA&#8221; font_container=&#8221;tag:h3|font_size:36px|text_align:left|color:%2367aeaf|line_height:42px&#8221; use_theme_fonts=&#8221;yes&#8221; css_animation=&#8221;fadeInUp&#8221;][vc_separator color=&#8221;custom&#8221; border_width=&#8221;3&#8243; accent_color=&#8221;#67aeaf&#8221;][\/vc_column_inner][\/vc_row_inner][vc_row_inner][vc_column_inner][vc_custom_heading text=&#8221;FIRST PRE-ELECTION SURVEY DEFOE-SPIN&#8221; font_container=&#8221;tag:h3|text_align:left|color:%23ffffff&#8221; use_theme_fonts=&#8221;yes&#8221; css=&#8221;.vc_custom_1514069646562{background-color: #67aeaf !important;}&#8221;][\/vc_column_inner][\/vc_row_inner][vc_row_inner][vc_column_inner width=&#8221;1\/4&#8243;][vc_hoverbox image=&#8221;2665&#8243; primary_title=&#8221;&#8221; hover_title=&#8221;&#8221; hover_btn_title=&#8221;Leer&#8221; hover_btn_color=&#8221;turquoise&#8221; hover_add_button=&#8221;true&#8221; hover_btn_link=&#8221;url:http%3A%2F%2Fencuestadefoe-spin.com%2Fwp-content%2Fuploads%2F2017%2F11%2FCOALICIONES-PERFILAN-EMPATE-TE%CC%81CNICO-HOY-RUMBO-AL-2018-EL-UNIVERSAL-16NOV2017.pdf||target:%20_blank|&#8221;]<\/p>\n<p style=\"text-align: center;\">Coaliciones perfilan empate t\u00e9cnico hoy rumbo al 2018<\/p>\n<p style=\"text-align: center;\"><strong>El Universal, 16 de noviembre de 2017<\/strong><\/p>\n<p>[\/vc_hoverbox][\/vc_column_inner][vc_column_inner width=&#8221;1\/4&#8243;][vc_empty_space][\/vc_column_inner][vc_column_inner width=&#8221;1\/4&#8243;][vc_empty_space][\/vc_column_inner][vc_column_inner width=&#8221;1\/4&#8243;][vc_empty_space][\/vc_column_inner][\/vc_row_inner][vc_row_inner][vc_column_inner][vc_custom_heading text=&#8221;FIRST PRE-ELECTION SURVEY DEFOE-SPIN&#8221; font_container=&#8221;tag:h3|text_align:left|color:%23ffffff&#8221; use_theme_fonts=&#8221;yes&#8221; css=&#8221;.vc_custom_1514069646562{background-color: #67aeaf !important;}&#8221;][\/vc_column_inner][\/vc_row_inner][vc_row_inner][vc_column_inner width=&#8221;1\/4&#8243;][vc_hoverbox image=&#8221;2975&#8243; primary_title=&#8221;&#8221; hover_title=&#8221;&#8221; hover_btn_title=&#8221;Leer&#8221; hover_btn_color=&#8221;turquoise&#8221; hover_add_button=&#8221;true&#8221; hover_btn_link=&#8221;url:http%3A%2F%2Fencuestadefoe-spin.com%2Fwp-content%2Fuploads%2F2018%2F10%2FExcelsior-16-de-octubre-de-2018.pdf||target:%20_blank|&#8221;]<\/p>\n<p style=\"text-align: center;\">Responden expertos a ejercicio<\/p>\n<p style=\"text-align: center;\"><strong>Exc\u00e9lsior, October 16th 2018<\/strong><\/p>\n<p>[\/vc_hoverbox][\/vc_column_inner][vc_column_inner width=&#8221;1\/4&#8243;][vc_empty_space][\/vc_column_inner][vc_column_inner width=&#8221;1\/4&#8243;][vc_empty_space][\/vc_column_inner][vc_column_inner width=&#8221;1\/4&#8243;][vc_empty_space][\/vc_column_inner][\/vc_row_inner][vc_empty_space height=&#8221;40px&#8221;][vc_row_inner el_id=&#8221;digital&#8221;][vc_column_inner][vc_custom_heading text=&#8221;DIGITAL MEDIA&#8221; font_container=&#8221;tag:h3|font_size:36px|text_align:left|color:%2367aeaf|line_height:42px&#8221; use_theme_fonts=&#8221;yes&#8221; css_animation=&#8221;fadeInUp&#8221;][vc_separator color=&#8221;custom&#8221; border_width=&#8221;3&#8243; accent_color=&#8221;#67aeaf&#8221;][\/vc_column_inner][\/vc_row_inner][vc_row_inner][vc_column_inner][vc_custom_heading text=&#8221;FIRST PRE-ELECTION SURVEY DEFOE-SPIN&#8221; font_container=&#8221;tag:h3|text_align:left|color:%23ffffff&#8221; use_theme_fonts=&#8221;yes&#8221; css=&#8221;.vc_custom_1514069591512{background-color: #67aeaf !important;}&#8221;][\/vc_column_inner][\/vc_row_inner][vc_empty_space height=&#8221;40px&#8221;][vc_row_inner][vc_column_inner width=&#8221;1\/4&#8243;][vc_hoverbox image=&#8221;2667&#8243; primary_title=&#8221;&#8221; hover_title=&#8221;&#8221; hover_btn_title=&#8221;Leer&#8221; hover_btn_color=&#8221;turquoise&#8221; hover_add_button=&#8221;true&#8221; hover_btn_link=&#8221;url:http%3A%2F%2Fwww.notimex.gob.mx%2FntxnotaLibre%2F448260||target:%20_blank|&#8221;]<\/p>\n<p style=\"text-align: center;\">PRI aventaja a Morena en encuesta abierta rumbo al proceso electoral 2018<\/p>\n<p style=\"text-align: center;\"><strong> Notimex<\/strong><\/p>\n<p>[\/vc_hoverbox][\/vc_column_inner][vc_column_inner width=&#8221;1\/4&#8243;][vc_hoverbox image=&#8221;2505&#8243; primary_title=&#8221;&#8221; hover_title=&#8221;&#8221; hover_btn_title=&#8221;Leer&#8221; hover_btn_color=&#8221;turquoise&#8221; hover_add_button=&#8221;true&#8221; hover_btn_link=&#8221;url:http%3A%2F%2Fwww.animalpolitico.com%2Fblogueros-lecciones-de-las-elecciones%2F2017%2F11%2F17%2Fimporta-mas-la-aprobacion-presidencial-pena-nieto%2F||target:%20_blank|&#8221;]<\/p>\n<p style=\"text-align: center;\">\u00a0\u00bfQu\u00e9 importa m\u00e1s en la aprobaci\u00f3n de Pe\u00f1a Nieto?<\/p>\n<p style=\"text-align: center;\"><strong> Alejandra Leyva<\/strong><\/p>\n<p>[\/vc_hoverbox][\/vc_column_inner][vc_column_inner width=&#8221;1\/4&#8243;][vc_hoverbox image=&#8221;2673&#8243; primary_title=&#8221;&#8221; hover_title=&#8221;&#8221; hover_btn_title=&#8221;Leer&#8221; hover_btn_color=&#8221;turquoise&#8221; hover_add_button=&#8221;true&#8221; hover_btn_link=&#8221;url:https%3A%2F%2Fpolitico.mx%2Fcentral-electoral%2Felecciones-2018%2Fmorena-pt-y-pri-pvem-panal-empatan-para-2018-seg%25C3%25BAn-encuesta%2F||target:%20_blank|&#8221;]<\/p>\n<p style=\"text-align: center;\">Morena-PT y PRI-PVEM-Panal empatan para 2018, seg\u00fan encuesta<\/p>\n<p style=\"text-align: center;\"><strong> Pol\u00edtico<\/strong><\/p>\n<p>[\/vc_hoverbox][\/vc_column_inner][vc_column_inner width=&#8221;1\/4&#8243;][vc_hoverbox image=&#8221;2674&#8243; primary_title=&#8221;&#8221; hover_title=&#8221;&#8221; hover_btn_title=&#8221;Leer&#8221; hover_btn_color=&#8221;turquoise&#8221; hover_add_button=&#8221;true&#8221; hover_btn_link=&#8221;url:https%3A%2F%2Fheraldodemexico.com.mx%2Fpais%2Fprimera-encuesta-rumbo-a-2018-pri-a-la-cabeza-seguido-por-morena%2F||target:%20_blank|&#8221;]<\/p>\n<p style=\"text-align: center;\">Primera encuesta rumbo a 2018; PRI a la cabeza seguido por Morena<\/p>\n<p style=\"text-align: center;\"><strong> El Heraldo de M\u00e9xico<\/strong><\/p>\n<p>[\/vc_hoverbox][\/vc_column_inner][\/vc_row_inner][vc_empty_space height=&#8221;40px&#8221;][vc_row_inner][vc_column_inner width=&#8221;1\/4&#8243;][vc_hoverbox image=&#8221;2676&#8243; primary_title=&#8221;&#8221; hover_title=&#8221;&#8221; hover_btn_title=&#8221;Leer&#8221; hover_btn_color=&#8221;turquoise&#8221; hover_add_button=&#8221;true&#8221; hover_btn_link=&#8221;url:http%3A%2F%2Fwww.huffingtonpost.com.mx%2F2017%2F11%2F17%2Fel-pri-pisa-los-talones-a-lopez-obrador-y-mancera-supera-a-anaya-segun-encuestas_a_23280881%2F||target:%20_blank|&#8221;]<\/p>\n<p style=\"text-align: center;\">El PRI pisa los talones a L\u00f3pez Obrador y Mancera supera a Anaya, seg\u00fan encuestas<\/p>\n<p style=\"text-align: center;\"><strong> The Huffington Post<\/strong><\/p>\n<p>[\/vc_hoverbox][\/vc_column_inner][vc_column_inner width=&#8221;1\/4&#8243;][vc_hoverbox image=&#8221;2677&#8243; primary_title=&#8221;&#8221; hover_title=&#8221;&#8221; hover_btn_title=&#8221;Leer&#8221; hover_btn_color=&#8221;turquoise&#8221; hover_add_button=&#8221;true&#8221; hover_btn_link=&#8221;url:https%3A%2F%2Fwww.sdpnoticias.com%2Fnacional%2F2017%2F11%2F16%2Fencuesta-pone-al-pri-sobre-morena-pero-a-amlo-como-lider-en-todos-los-careos||target:%20_blank|&#8221;]<\/p>\n<p style=\"text-align: center;\">Encuesta pone al PRI sobre Morena, pero a AMLO como l\u00edder en todos los careos<\/p>\n<p style=\"text-align: center;\"><strong> SDP Noticias<\/strong><\/p>\n<p>[\/vc_hoverbox][\/vc_column_inner][vc_column_inner width=&#8221;1\/4&#8243;][vc_hoverbox image=&#8221;2678&#8243; primary_title=&#8221;&#8221; hover_title=&#8221;&#8221; hover_btn_title=&#8221;Leer&#8221; hover_btn_color=&#8221;turquoise&#8221; hover_add_button=&#8221;true&#8221; hover_btn_link=&#8221;url:https%3A%2F%2Fregeneracion.mx%2Fencuesta-preelectoral-ubica-a-amlo-como-el-favorito-entre-la-poblacion%2F||target:%20_blank|&#8221;]<\/p>\n<p style=\"text-align: center;\">Encuesta preelectoral ubica a AMLO como el favorito entre la poblaci\u00f3n<\/p>\n<p style=\"text-align: center;\"><strong> Regeneraci\u00f3n<\/strong><\/p>\n<p>[\/vc_hoverbox][\/vc_column_inner][vc_column_inner width=&#8221;1\/4&#8243;][vc_empty_space height=&#8221;20px&#8221;][\/vc_column_inner][\/vc_row_inner][vc_empty_space height=&#8221;40px&#8221;][vc_row_inner][vc_column_inner][vc_custom_heading text=&#8221;SECOND PRE-ELECTION SURVEY DEFOE-SPIN&#8221; font_container=&#8221;tag:h3|text_align:left|color:%23ffffff&#8221; use_theme_fonts=&#8221;yes&#8221; css=&#8221;.vc_custom_1514069553781{background-color: #67aeaf !important;}&#8221;][\/vc_column_inner][\/vc_row_inner][vc_row_inner][vc_column_inner width=&#8221;1\/4&#8243;][vc_hoverbox image=&#8221;2975&#8243; primary_title=&#8221;&#8221; hover_title=&#8221;&#8221; hover_btn_title=&#8221;Leer&#8221; hover_btn_color=&#8221;turquoise&#8221; hover_add_button=&#8221;true&#8221; hover_btn_link=&#8221;url:http%3A%2F%2Fwww.excelsior.com.mx%2Fopinion%2Fleo-zuckermann%2F2018%2F01%2F30%2F1216882||target:%20_blank|&#8221;]<\/p>\n<div style=\"text-align: center;\">Anaya gan\u00e1ndole a Meade el polo antiAMLO<\/div>\n<div style=\"text-align: center;\"><strong> Leo Zuckerman<\/strong><\/div>\n<div style=\"text-align: center;\">January 30th, 2018<\/div>\n<p>[\/vc_hoverbox][\/vc_column_inner][vc_column_inner width=&#8221;1\/4&#8243;][vc_hoverbox image=&#8221;2975&#8243; primary_title=&#8221;&#8221; hover_title=&#8221;&#8221; hover_btn_title=&#8221;Leer&#8221; hover_btn_color=&#8221;turquoise&#8221; hover_add_button=&#8221;true&#8221; hover_btn_link=&#8221;url:http%3A%2F%2Fwww.excelsior.com.mx%2Fopinion%2Fleo-zuckermann%2F2018%2F02%2F12%2F1219709||target:%20_blank|&#8221;]<\/p>\n<p style=\"text-align: center;\">As\u00ed van los candidatos al terminar las precampa\u00f1as<\/p>\n<p style=\"text-align: center;\"><strong> Leo Zuckerman<\/strong><\/p>\n<p style=\"text-align: center;\">February 12th, 2018<\/p>\n<p>[\/vc_hoverbox][\/vc_column_inner][vc_column_inner width=&#8221;1\/4&#8243;][vc_hoverbox image=&#8221;2882&#8243; primary_title=&#8221;&#8221; hover_title=&#8221;&#8221; hover_btn_title=&#8221;Leer&#8221; hover_btn_color=&#8221;turquoise&#8221; hover_add_button=&#8221;true&#8221; hover_btn_link=&#8221;url:https%3A%2F%2Fwww.elsoldemexico.com.mx%2Fanalisis%2Fasi-lo-dice-la-mont-ruta-1-julio-2018-solo-tres-coaliciones-542833.html||target:%20_blank|&#8221;]<\/p>\n<p style=\"text-align: center;\">Ruta 1 Julio 2018 Solo tres coaliciones<\/p>\n<p style=\"text-align: center;\"><strong>Federico Lamont<\/strong><\/p>\n<p>[\/vc_hoverbox][\/vc_column_inner][vc_column_inner width=&#8221;1\/4&#8243;][vc_hoverbox image=&#8221;2612&#8243; primary_title=&#8221;&#8221; hover_title=&#8221;&#8221; hover_btn_title=&#8221;Leer&#8221; hover_btn_color=&#8221;turquoise&#8221; hover_add_button=&#8221;true&#8221; hover_btn_link=&#8221;url:http%3A%2F%2Fwww.letraslibres.com%2Fmexico%2Fpolitica%2Fentre-jose-antonio-quien-y-pepe-meade||target:%20_blank|&#8221;]<\/p>\n<p style=\"text-align: center;\">Entre \u00bfJos\u00e9 Antonio qui\u00e9n? y Pepe Meade<\/p>\n<p style=\"text-align: center;\"><strong>Yamil Nares<\/strong><\/p>\n<p>[\/vc_hoverbox][\/vc_column_inner][\/vc_row_inner][vc_row_inner][vc_column_inner width=&#8221;1\/4&#8243;][vc_hoverbox image=&#8221;2665&#8243; primary_title=&#8221;&#8221; hover_title=&#8221;&#8221; hover_btn_title=&#8221;Leer&#8221; hover_btn_color=&#8221;turquoise&#8221; hover_add_button=&#8221;true&#8221; hover_btn_link=&#8221;url:http%3A%2F%2Fwww.eluniversal.com.mx%2Fcolumna%2Fcarlos-loret-de-mola%2Fnacion%2Fel-oraculo-dice-que-la-eleccion-la-ganara||target:%20_blank|&#8221;]<\/p>\n<p style=\"text-align: center;\">El Or\u00e1culo dice que la elecci\u00f3n la ganar\u00e1&#8230;<\/p>\n<p style=\"text-align: center;\"><b>Carlos Loret de Mola<\/b><\/p>\n<p>[\/vc_hoverbox][\/vc_column_inner][vc_column_inner width=&#8221;1\/4&#8243;][vc_hoverbox image=&#8221;2881&#8243; primary_title=&#8221;&#8221; hover_title=&#8221;&#8221; hover_btn_title=&#8221;Leer&#8221; hover_btn_color=&#8221;turquoise&#8221; hover_add_button=&#8221;true&#8221; hover_btn_link=&#8221;url:http%3A%2F%2Fwww.elfinanciero.com.mx%2Fopinion%2Fla-aprobacion-presidencial-y-su-impacto-en-las-elecciones.html||target:%20_blank|&#8221;]<\/p>\n<p style=\"text-align: center;\">La aprobaci\u00f3n presidencial y su impacto en las elecciones<\/p>\n<p style=\"text-align: center;\"><b>Enrique Quintana<\/b><\/p>\n<p>[\/vc_hoverbox][\/vc_column_inner][vc_column_inner width=&#8221;1\/4&#8243;][vc_hoverbox image=&#8221;2947&#8243; primary_title=&#8221;&#8221; hover_title=&#8221;&#8221; hover_btn_title=&#8221;Leer&#8221; hover_btn_color=&#8221;turquoise&#8221; hover_add_button=&#8221;true&#8221; hover_btn_link=&#8221;url:https%3A%2F%2Fregeneracion.mx%2Fcasi-inevitable-lopez-obrador-presidente-de-mexico%2F||target:%20_blank|&#8221;]<\/p>\n<p style=\"text-align: center;\">Casi inevitable: L\u00f3pez Obrador, presidente de M\u00e9xico<\/p>\n<p style=\"text-align: center;\"><b>Gibr\u00e1n Ram\u00edrez Reyes<\/b><\/p>\n<p>[\/vc_hoverbox][\/vc_column_inner][vc_column_inner width=&#8221;1\/4&#8243;][vc_hoverbox image=&#8221;2763&#8243; primary_title=&#8221;&#8221; hover_title=&#8221;&#8221; hover_btn_title=&#8221;Leer&#8221; hover_btn_color=&#8221;turquoise&#8221; hover_add_button=&#8221;true&#8221; hover_btn_link=&#8221;url:http%3A%2F%2Fwww.radioformula.com.mx%2Fnotas.asp%3FIdn%3D725315%26idFC%3D2017||target:%20_blank|&#8221;]<\/p>\n<p style=\"text-align: center;\">AMLO arriba de Meade y Anaya por m\u00e1s de 10 puntos en encuesta<\/p>\n<p style=\"text-align: center;\"><strong> Radio F\u00f3rmula<\/strong><\/p>\n<p>[\/vc_hoverbox][\/vc_column_inner][\/vc_row_inner][vc_row_inner][vc_column_inner width=&#8221;1\/4&#8243;][vc_hoverbox image=&#8221;2612&#8243; primary_title=&#8221;&#8221; hover_title=&#8221;&#8221; hover_btn_title=&#8221;Leer&#8221; hover_btn_color=&#8221;turquoise&#8221; hover_add_button=&#8221;true&#8221; hover_btn_link=&#8221;url:https%3A%2F%2Fwww.letraslibres.com%2Fmexico%2Fpolitica%2Fque-aprendimos-las-encuestas-en-precampana||target:%20_blank|&#8221;]<\/p>\n<div style=\"text-align: center;\">\n<div>\u00bfQu\u00e9 aprendimos de las encuestas en precampa\u00f1a?<\/div>\n<div><strong>Yamil Nares<\/strong><\/div>\n<div>February 15th, 2018<\/div>\n<\/div>\n<p>[\/vc_hoverbox][\/vc_column_inner][vc_column_inner width=&#8221;1\/4&#8243;][vc_hoverbox image=&#8221;2612&#8243; primary_title=&#8221;&#8221; hover_title=&#8221;&#8221; hover_btn_title=&#8221;Leer&#8221; hover_btn_color=&#8221;turquoise&#8221; hover_add_button=&#8221;true&#8221; hover_btn_link=&#8221;url:https%3A%2F%2Fwww.letraslibres.com%2Fmexico%2Fpolitica%2Fhay-leyes-que-regulan-las-encuestas-el-ine-tiene-la-capacidad-hacerlas-cumplir||target:%20_blank|&#8221;]<\/p>\n<div style=\"text-align: center;\">\n<div>Hay leyes que regulan las encuestas:<\/div>\n<div>\u00bfel INE tiene la capacidad para hacerlas cumplir?<\/div>\n<div><strong>Yamil Nares<\/strong><\/div>\n<div>February 20th, 2018<\/div>\n<\/div>\n<p>[\/vc_hoverbox][\/vc_column_inner][vc_column_inner width=&#8221;1\/4&#8243;][vc_hoverbox image=&#8221;2505&#8243; primary_title=&#8221;&#8221; hover_title=&#8221;&#8221; hover_btn_title=&#8221;Leer&#8221; hover_btn_color=&#8221;turquoise&#8221; hover_add_button=&#8221;true&#8221; hover_btn_link=&#8221;url:http%3A%2F%2Fwww.animalpolitico.com%2Fblogueros-lecciones-de-las-elecciones%2F2018%2F02%2F09%2Fmorena-primera-opcion-segunda%2F||target:%20_blank|&#8221;]<\/p>\n<div>\n<div style=\"text-align: center;\">Morena es primera opci\u00f3n, \u00bfy segunda?<\/div>\n<div style=\"text-align: center;\"><strong> Alejandra Leyva<\/strong><\/div>\n<\/div>\n<div style=\"text-align: center;\">February 9th, 2018<\/div>\n<p>[\/vc_hoverbox][\/vc_column_inner][vc_column_inner width=&#8221;1\/4&#8243;][\/vc_column_inner][\/vc_row_inner][vc_row_inner][vc_column_inner][vc_custom_heading text=&#8221;FIRST TRANSITION SURVEY 2018 SPIN&#8221; font_container=&#8221;tag:h3|text_align:left|color:%23ffffff&#8221; use_theme_fonts=&#8221;yes&#8221; css=&#8221;.vc_custom_1539012956037{background-color: #67aeaf !important;}&#8221;][\/vc_column_inner][\/vc_row_inner][vc_row_inner][vc_column_inner width=&#8221;1\/4&#8243;][vc_hoverbox image=&#8221;3148&#8243; primary_title=&#8221;&#8221; hover_title=&#8221;&#8221; hover_btn_title=&#8221;Leer&#8221; hover_btn_color=&#8221;turquoise&#8221; hover_add_button=&#8221;true&#8221; hover_btn_link=&#8221;url:https%3A%2F%2Fwww.google.com%2Furl%3Fq%3Dhttps%3A%2F%2Fadnpolitico.com%2Fmexico%2F2018%2F09%2F28%2Fsi-el-naim-se-consulta-tambien-el-tren-maya-piden-a-amlo-encuesta%3FhootPostID%253D67536a2f10815df2a14c769c33b0300d%26source%3Dgmail%26ust%3D1538776672644000%26usg%3DAFQjCNEc-TGYsKLiTPXH-311U8uRye33uA||target:%20_blank|&#8221;]<\/p>\n<p style=\"text-align: center;\">Si el NAIM se consulta, tambi\u00e9n el Tren Maya de AMLO: encuesta.<\/p>\n<p style=\"text-align: center;\"><strong>ADN Pol\u00edtico<\/strong><\/p>\n<p>[\/vc_hoverbox][\/vc_column_inner][vc_column_inner width=&#8221;1\/4&#8243;][vc_hoverbox image=&#8221;2975&#8243; primary_title=&#8221;&#8221; hover_title=&#8221;&#8221; hover_btn_title=&#8221;Leer&#8221; hover_btn_color=&#8221;turquoise&#8221; hover_add_button=&#8221;true&#8221; hover_btn_link=&#8221;url:https%3A%2F%2Fwww.excelsior.com.mx%2Fopinion%2Fjorge-fernandez-menendez%2Fpuebla-votaron-por-amlo-y-por-martha-erika%2F1268598||target:%20_blank|&#8221;]<\/p>\n<p style=\"text-align: center;\">Puebla: votaron por AMLO y por Martha Erika.<\/p>\n<p style=\"text-align: center;\"><strong>Jorge Fern\u00e1ndez Men\u00e9ndez<\/strong><\/p>\n<p>[\/vc_hoverbox][\/vc_column_inner][vc_column_inner width=&#8221;1\/4&#8243;][vc_hoverbox image=&#8221;2975&#8243; primary_title=&#8221;&#8221; hover_title=&#8221;&#8221; hover_btn_title=&#8221;Leer&#8221; hover_btn_color=&#8221;turquoise&#8221; hover_add_button=&#8221;true&#8221; hover_btn_link=&#8221;url:https%3A%2F%2Fwww.excelsior.com.mx%2Fnacional%2Ffuturo-del-naim-en-una-pregunta-consulta-popular%2F1271868||target:%20_blank|&#8221;]<\/p>\n<p style=\"text-align: center;\">Futuro del NAIM, en una pregunta; consulta popular<\/p>\n<p>[\/vc_hoverbox][\/vc_column_inner][vc_column_inner width=&#8221;1\/4&#8243;][\/vc_column_inner][\/vc_row_inner][\/vc_column][\/vc_row][\/vc_section]<\/p>\n<\/section>","protected":false},"excerpt":{"rendered":"<p>[vc_section el_class=&#8221;bt-about-section2&#8243; css=&#8221;.vc_custom_1510601003491{padding-bottom: 0px !important;}&#8221;][vc_row][vc_column css_animation=&#8221;bounceIn&#8221; css=&#8221;.vc_custom_1538693632408{margin-right: 23px !important;margin-left: 15px !important;}&#8221; offset=&#8221;vc_hidden-lg vc_hidden-md vc_hidden-sm&#8221;][vc_btn title=&#8221;PRESS RELEASE&#8221; style=&#8221;outline-custom&#8221; outline_custom_color=&#8221;#67aeaf&#8221; outline_custom_hover_background=&#8221;#67aeaf&#8221; outline_custom_hover_text=&#8221;#ffffff&#8221; size=&#8221;lg&#8221; i_icon_fontawesome=&#8221;fa fa-sign-out&#8221; add_icon=&#8221;true&#8221; link=&#8221;url:%23pressmovil|||&#8221;][vc_empty_space height=&#8221;15&#8243;][vc_btn title=&#8221;TV&#8221; style=&#8221;outline-custom&#8221; outline_custom_color=&#8221;#67aeaf&#8221; outline_custom_hover_background=&#8221;#67aeaf&#8221; outline_custom_hover_text=&#8221;#ffffff&#8221; size=&#8221;lg&#8221; i_icon_fontawesome=&#8221;fa fa-sign-out&#8221; add_icon=&#8221;true&#8221; link=&#8221;url:%23tvmovil|||&#8221;][vc_empty_space height=&#8221;15&#8243;][vc_btn title=&#8221;RADIO&#8221; style=&#8221;outline-custom&#8221; outline_custom_color=&#8221;#67aeaf&#8221; outline_custom_hover_background=&#8221;#67aeaf&#8221; outline_custom_hover_text=&#8221;#ffffff&#8221; size=&#8221;lg&#8221; i_icon_fontawesome=&#8221;fa fa-sign-out&#8221; add_icon=&#8221;true&#8221; link=&#8221;url:%23radioenmovil|||&#8221;][vc_empty_space height=&#8221;15&#8243;][vc_btn title=&#8221;SOCIAL MEDIA&#8221; style=&#8221;outline-custom&#8221; outline_custom_color=&#8221;#67aeaf&#8221; outline_custom_hover_background=&#8221;#67aeaf&#8221; outline_custom_hover_text=&#8221;#ffffff&#8221; size=&#8221;lg&#8221; [&hellip;]<\/p>\n","protected":false},"author":1,"featured_media":0,"parent":0,"menu_order":0,"comment_status":"closed","ping_status":"closed","template":"","meta":{"footnotes":""},"class_list":["post-2422","page","type-page","status-publish","hentry"],"_links":{"self":[{"href":"https:\/\/encuestadefoe-spin.com\/en\/wp-json\/wp\/v2\/pages\/2422","targetHints":{"allow":["GET"]}}],"collection":[{"href":"https:\/\/encuestadefoe-spin.com\/en\/wp-json\/wp\/v2\/pages"}],"about":[{"href":"https:\/\/encuestadefoe-spin.com\/en\/wp-json\/wp\/v2\/types\/page"}],"author":[{"embeddable":true,"href":"https:\/\/encuestadefoe-spin.com\/en\/wp-json\/wp\/v2\/users\/1"}],"replies":[{"embeddable":true,"href":"https:\/\/encuestadefoe-spin.com\/en\/wp-json\/wp\/v2\/comments?post=2422"}],"version-history":[{"count":223,"href":"https:\/\/encuestadefoe-spin.com\/en\/wp-json\/wp\/v2\/pages\/2422\/revisions"}],"predecessor-version":[{"id":3173,"href":"https:\/\/encuestadefoe-spin.com\/en\/wp-json\/wp\/v2\/pages\/2422\/revisions\/3173"}],"wp:attachment":[{"href":"https:\/\/encuestadefoe-spin.com\/en\/wp-json\/wp\/v2\/media?parent=2422"}],"curies":[{"name":"wp","href":"https:\/\/api.w.org\/{rel}","templated":true}]}}